{"id":63,"date":"2017-09-16T08:35:59","date_gmt":"2017-09-16T06:35:59","guid":{"rendered":"http:\/\/exoneration-taxe-habitation.fr\/?page_id=58"},"modified":"2021-03-14T09:48:02","modified_gmt":"2021-03-14T08:48:02","slug":"revue-de-presse","status":"publish","type":"page","link":"https:\/\/ensembleorfeo.fr\/index.php\/revue-de-presse\/","title":{"rendered":"Revue de presse"},"content":{"rendered":"<div>\n<div style=\"text-align: justify;\">\n<div style=\"text-align: justify;\">\n<div style=\"text-align: justify;\">\n<div style=\"text-align: justify;\">\n<p><b>Le feu au ch\u00e2teau!\u00a0<\/b>&#8211;\u00a0Orfeo \u00e9tait tr\u00e8s attendu [\u2026] et devait jouer \u00ab\u00a0\u00e0 guichets ferm\u00e9s\u00a0\u00bb [\u2026]\u00a0Ils ont alors fait leur apparition, en costumes somptueux [\u2026] souriants, d\u00e9tendus, [\u2026] Ces musiques royales [\u2026] ont conquis le public avec un r\u00e9pertoire baroque interpr\u00e9t\u00e9 par les voix puissantes de 16 chanteurs [\u2026] Les solistes encha\u00eenent les airs de bravoure, rien n\u2019est fig\u00e9 dans la pr\u00e9sentation[\u2026] sous la baguette de Fran\u00e7oise Richard qui dirige ses choristes avec un art consomm\u00e9 [\u2026] Les interpr\u00e9tations sont truff\u00e9es de surprises heureuses [\u2026] Ce moment heureux se termine [\u2026] avec le c\u00e9l\u00e8bre \u00ab\u00a0Vive Henri IV\u00a0\u00bb salu\u00e9 par un tonnerre d\u2019applaudissements. (<em>Any Manuel \u2013 Le R\u00e9publicain \u2013 17 octobre 2019)<\/em><\/p>\n<\/div>\n<p><strong><img loading=\"lazy\" decoding=\"async\" class=\"size-medium wp-image-682 aligncenter\" src=\"http:\/\/ensembleorfeo.fr\/wp-content\/uploads\/2018\/03\/separateur-60px-300x27.jpg\" alt=\"\" width=\"300\" height=\"27\" srcset=\"https:\/\/ensembleorfeo.fr\/wp-content\/uploads\/2018\/03\/separateur-60px-300x27.jpg 300w, https:\/\/ensembleorfeo.fr\/wp-content\/uploads\/2018\/03\/separateur-60px.jpg 659w\" sizes=\"auto, (max-width: 300px) 100vw, 300px\" \/><\/strong><\/p>\n<p><b>Concert imp\u00e9rial de\u00a0<\/b><span style=\"font-weight: 600;\">musique<\/span><b>\u00a0royale\u00a0<\/b>&#8211;\u00a0Le cadre prestigieux du ch\u00e2teau du duc d\u2019Epernon accueillait le non moins prestigieux Ensemble baroque Orfeo [\u2026] Pour cet \u00e9v\u00e9nement, Fran\u00e7oise Richard avait soigneusement concoct\u00e9 un programme ou \u0153uvres et histoire cohabitaient dans un accord parfait, se transformant en triomphe. [\u2026] La derni\u00e8re note tue, une longue ovation, m\u00e9rit\u00e9e, a r\u00e9compens\u00e9 les choristes et les instrumentistes en costumes d\u2019\u00e9poque [\u2026] <em>Vive Henri IV\u00a0<\/em>fut biss\u00e9 pour le plus grand plaisir de la centaine de personnes qui eurent le privil\u00e8ge d\u2019assister \u00e0 ce moment inoubliable. (<em>Alain Miot \u2013 Courrier de Gironde \u2013 18 octobre 2019)<\/em><\/p>\n<\/div>\n<p><strong><img loading=\"lazy\" decoding=\"async\" class=\"size-medium wp-image-682 aligncenter\" src=\"http:\/\/ensembleorfeo.fr\/wp-content\/uploads\/2018\/03\/separateur-60px-300x27.jpg\" alt=\"\" width=\"300\" height=\"27\" srcset=\"https:\/\/ensembleorfeo.fr\/wp-content\/uploads\/2018\/03\/separateur-60px-300x27.jpg 300w, https:\/\/ensembleorfeo.fr\/wp-content\/uploads\/2018\/03\/separateur-60px.jpg 659w\" sizes=\"auto, (max-width: 300px) 100vw, 300px\" \/><\/strong><\/p>\n<p><b>Sacr\u00e9 baroque <\/b>&#8211; \u00ab\u00a0Programme inventif de l&rsquo;Ensemble baroque Orfeo&#8230; subtilit\u00e9&#8230; jeu jouissif&#8230; g\u00e9nial Te Deum&#8230; formidable compagnon de route&#8230;\u00a0\u00bb <i>(S\u00e9verine Garnier &#8211; Sud-Ouest Bordeaux &#8211; 2 octobre 2019)\u00a0<\/i>Lire <a href=\"https:\/\/ensembleorfeo.fr\/wp-content\/uploads\/2019\/12\/ArticleSO.jpeg\">ici<\/a> l&rsquo;article int\u00e9gral.<\/p>\n<\/div>\n<p><strong><img loading=\"lazy\" decoding=\"async\" class=\"size-medium wp-image-682 aligncenter\" src=\"http:\/\/ensembleorfeo.fr\/wp-content\/uploads\/2018\/03\/separateur-60px-300x27.jpg\" alt=\"\" width=\"300\" height=\"27\" srcset=\"https:\/\/ensembleorfeo.fr\/wp-content\/uploads\/2018\/03\/separateur-60px-300x27.jpg 300w, https:\/\/ensembleorfeo.fr\/wp-content\/uploads\/2018\/03\/separateur-60px.jpg 659w\" sizes=\"auto, (max-width: 300px) 100vw, 300px\" \/><\/strong><\/p>\n<p><b>Orfeo a enchant\u00e9 le public.\u00a0<\/b>Une r\u00e9v\u00e9lation pour le public venu nombreux&#8230; Des \u0153uvres interpr\u00e9t\u00e9es par l&rsquo;ensemble Orfeo, le plus grand groupe baroque d&rsquo;Aquitaine, furent admirablement chant\u00e9es sous la direction de Fran\u00e7oise Richard&#8230; Les vieilles pierres de l&rsquo;abbatiale (<i>Paunat) <\/i>se sont impr\u00e9gn\u00e9es de la ferveur d&rsquo;un public en harmonie totale avec les \u0153uvres (Steffani, Bononcini, Hasse&#8230;)\u00a0\u00bb <i>(Sud-Ouest Dordogne &#8211; 15 avril 2019 &#8211; Saison de \u00ab\u00a0Musique en sol\u00a0\u00bb)<\/i><\/p>\n<\/div>\n<p><strong><img loading=\"lazy\" decoding=\"async\" class=\"size-medium wp-image-682 aligncenter\" src=\"http:\/\/ensembleorfeo.fr\/wp-content\/uploads\/2018\/03\/separateur-60px-300x27.jpg\" alt=\"\" width=\"300\" height=\"27\" srcset=\"https:\/\/ensembleorfeo.fr\/wp-content\/uploads\/2018\/03\/separateur-60px-300x27.jpg 300w, https:\/\/ensembleorfeo.fr\/wp-content\/uploads\/2018\/03\/separateur-60px.jpg 659w\" sizes=\"auto, (max-width: 300px) 100vw, 300px\" \/><\/strong><\/p>\n<\/div>\n<div style=\"text-align: justify;\"><strong>Grand\u00a0succ\u00e8s de \u00ab\u00a0Venise Myst\u00e9rieuse\u00a0\u00bb.\u00a0<\/strong>Le concert baroque \u00ab\u00a0Venise Myst\u00e9rieuse\u00a0\u00bb avec l&rsquo;Ensemble Orfeo sous la direction de Fran\u00e7oise Richard a remport\u00e9 un tr\u00e8s grand succ\u00e8s. Les pr\u00e9visions ont \u00e9t\u00e9 largement d\u00e9pass\u00e9es, l\u2019\u00e9glise \u00e9tait comble, certains \u00e9taient m\u00eame assis sur le sol, d\u2019autres ont d\u00fb renoncer \u00e0 entrer. Les applaudissements ont \u00e9t\u00e9 intenses et le rappel en fin de concert tr\u00e8s appuy\u00e9. Ce succ\u00e8s montre l\u2019int\u00e9r\u00eat du public qui se d\u00e9place, m\u00eame hors saison, pour un concert de qualit\u00e9<em>.(\u201cLa D\u00e9p\u00eache du Bassin\u201d 26 janvier 2017)<\/em><\/div>\n<div><\/div>\n<p><strong><img loading=\"lazy\" decoding=\"async\" class=\"size-medium wp-image-682 aligncenter\" src=\"http:\/\/ensembleorfeo.fr\/wp-content\/uploads\/2018\/03\/separateur-60px-300x27.jpg\" alt=\"\" width=\"300\" height=\"27\" srcset=\"https:\/\/ensembleorfeo.fr\/wp-content\/uploads\/2018\/03\/separateur-60px-300x27.jpg 300w, https:\/\/ensembleorfeo.fr\/wp-content\/uploads\/2018\/03\/separateur-60px.jpg 659w\" sizes=\"auto, (max-width: 300px) 100vw, 300px\" \/><\/strong><\/p>\n<p style=\"text-align: justify;\"><strong>\u00ab\u00a0Baroque d&rsquo;exception\u00a0\u00bb.\u00a0<\/strong>Les deux ensembles sp\u00e9cialistes de la musique baroque, Sagittarius et Orfeo, ont donn\u00e9 un spectacle qui fera date [&#8230;]. Pas d&rsquo;erreur, il s&rsquo;agissait bien d&rsquo;un spectacle de niveau international [&#8230;].\u00a0Dirig\u00e9s par Michel Lapl\u00e9nie, dont la sobri\u00e9t\u00e9 n&rsquo;a eu d&rsquo;\u00e9gale que la confiance qu&rsquo;il insufflait aux chanteurs, les artistes ont rivalis\u00e9 de talent pour cette suite d&rsquo;oeuvres baroques organis\u00e9e autour de la messe de Nicolas Form\u00e9 [&#8230;].\u00a0Il serait injuste d\u2019oublier un seul des musiciens de ces ensembles. Ils ont \u00e9t\u00e9 r\u00e9compens\u00e9s par de longues minutes d\u2019applaudissements [&#8230;].\u00a0<em>(Andr\u00e9 Lot \u201cSud-Ouest\u201d Pau. 8 mars 2016).<\/em><\/p>\n<p><strong><img loading=\"lazy\" decoding=\"async\" class=\"size-medium wp-image-682 aligncenter\" src=\"http:\/\/ensembleorfeo.fr\/wp-content\/uploads\/2018\/03\/separateur-60px-300x27.jpg\" alt=\"\" width=\"300\" height=\"27\" srcset=\"https:\/\/ensembleorfeo.fr\/wp-content\/uploads\/2018\/03\/separateur-60px-300x27.jpg 300w, https:\/\/ensembleorfeo.fr\/wp-content\/uploads\/2018\/03\/separateur-60px.jpg 659w\" sizes=\"auto, (max-width: 300px) 100vw, 300px\" \/><\/strong><\/p>\n<p><!--more--><\/p>\n<p style=\"text-align: justify;\"><strong>400 ans du mariage de Louis XIII \u00e0 la cath\u00e9drale de Bordeaux<\/strong>: \u201c8 instrumentistes, 6 chanteurs ainsi que l\u2019ensemble Orfeo, un choeur amateur mais d\u2019un excellent niveau\u201d (Michel Lapl\u00e9nie, interview Sud-Ouest, 3 novembre 2015) \u2013 \u201cLa vaste nef \u00e9tait pleine hier soir&#8230; Michel Lapl\u00e9nie a us\u00e9 de bon go\u00fbt pour restituer le faste sonore&#8230; Le dialogue entre les solistes de Sagittarius et le choeur \u201c\u00e0 pleines voix renforc\u00e9es\u201d chant\u00e9 par l\u2019ensemble Orfeo est parfaitement \u00e9quilibr\u00e9\u201d <em>( Fran\u00e7ois Clairant \u2013 Sud-Ouest, pages \u201cSortir\u201d, 5 novembre 2015)<\/em><\/p>\n<p><strong><img loading=\"lazy\" decoding=\"async\" class=\"size-medium wp-image-682 aligncenter\" src=\"http:\/\/ensembleorfeo.fr\/wp-content\/uploads\/2018\/03\/separateur-60px-300x27.jpg\" alt=\"\" width=\"300\" height=\"27\" srcset=\"https:\/\/ensembleorfeo.fr\/wp-content\/uploads\/2018\/03\/separateur-60px-300x27.jpg 300w, https:\/\/ensembleorfeo.fr\/wp-content\/uploads\/2018\/03\/separateur-60px.jpg 659w\" sizes=\"auto, (max-width: 300px) 100vw, 300px\" \/><\/strong><\/p>\n<p style=\"text-align: justify;\">\u201cComme toujours, les excellents choix de Fran\u00e7oise Richard ont fait de ce programme de musique v\u00e9nitienne une f\u00eate pour l\u2019oreille&#8230;Ces amateurs se montrent assez chevronn\u00e9s pour [..] des solos. Hicham Sqalli excelle dans les vocalises d\u2019un air de Vivaldi et \u00c9lise Ramondou dans les \u201cmesse di voce\u201d d\u2019une lamentation de Legrenzi&#8230;Enthousiasme communicatif!\u00a0<em>(Fran\u00e7ois Clairant \u2013 \u201cSud-Ouest\u201d pages \u201cSortir\u201d 22 mai 2015)<\/em><\/p>\n<p><strong><img loading=\"lazy\" decoding=\"async\" class=\"size-medium wp-image-682 aligncenter\" src=\"http:\/\/ensembleorfeo.fr\/wp-content\/uploads\/2018\/03\/separateur-60px-300x27.jpg\" alt=\"\" width=\"300\" height=\"27\" srcset=\"https:\/\/ensembleorfeo.fr\/wp-content\/uploads\/2018\/03\/separateur-60px-300x27.jpg 300w, https:\/\/ensembleorfeo.fr\/wp-content\/uploads\/2018\/03\/separateur-60px.jpg 659w\" sizes=\"auto, (max-width: 300px) 100vw, 300px\" \/><\/strong><\/p>\n<p style=\"text-align: justify;\">Mercredi, l\u2019antilope (<em>mascotte des Sc\u00e8nes d\u2019\u00e9t\u00e9 en Gironde) <\/em>est all\u00e9e du c\u00f4t\u00e9 de Preignac pour \u00e9couter le magnifique ensemble Orfeo. Elle a \u00e9t\u00e9 touch\u00e9e par tant de beaut\u00e9 et d\u2019\u00e9motion. Retour en vid\u00e9o sur cette soir\u00e9e<em>. (Site internet et blog des Sc\u00e8nes d\u2019\u00e9t\u00e9\/Conseil g\u00e9n\u00e9ral \u2013 8 juillet 2013)<\/em><\/p>\n<p><strong><img loading=\"lazy\" decoding=\"async\" class=\"size-medium wp-image-682 aligncenter\" src=\"http:\/\/ensembleorfeo.fr\/wp-content\/uploads\/2018\/03\/separateur-60px-300x27.jpg\" alt=\"\" width=\"300\" height=\"27\" srcset=\"https:\/\/ensembleorfeo.fr\/wp-content\/uploads\/2018\/03\/separateur-60px-300x27.jpg 300w, https:\/\/ensembleorfeo.fr\/wp-content\/uploads\/2018\/03\/separateur-60px.jpg 659w\" sizes=\"auto, (max-width: 300px) 100vw, 300px\" \/><\/strong><\/p>\n<p style=\"text-align: justify;\">L\u2019alternance entre pi\u00e8ces vocales et orgue permet de pr\u00e9senter un programme d\u2019une grande coh\u00e9rence en \u00e9vitant toute monotonie. La louange\u2026 s\u2019\u00e9l\u00e8ve en g\u00e9n\u00e9reuses nappes sonores dans le motet de J.S.Bach, et les imitations de cloches dans la cantate BWV 4 sont particuli\u00e8rement r\u00e9ussies\u2026Les sopranos tiennent le cantus firmus sans jamais couvrir le contrepoint des autres voix\u2026 Sorti des rangs de l\u2019ensemble vocal, Tristan Le Scou\u00ebzec proclame l\u2019apocalypse d\u2019une voix ferme de baryton dans 2 extraits du \u00ab\u00a0Jour du Jugement\u00a0\u00bb de Telemann, qu\u2019Orfeo a fait d\u00e9couvrir cette ann\u00e9e aux m\u00e9lomanes bordelais<em>. (Fran\u00e7ois Clairant \u2013 \u00ab\u00a0Sud-Ouest\u00a0\u00bb pages \u00ab\u00a0Sortir\u00a0\u00bb du 5 juillet 2013)<\/em><\/p>\n<p><strong><img loading=\"lazy\" decoding=\"async\" class=\"size-medium wp-image-682 aligncenter\" src=\"http:\/\/ensembleorfeo.fr\/wp-content\/uploads\/2018\/03\/separateur-60px-300x27.jpg\" alt=\"\" width=\"300\" height=\"27\" srcset=\"https:\/\/ensembleorfeo.fr\/wp-content\/uploads\/2018\/03\/separateur-60px-300x27.jpg 300w, https:\/\/ensembleorfeo.fr\/wp-content\/uploads\/2018\/03\/separateur-60px.jpg 659w\" sizes=\"auto, (max-width: 300px) 100vw, 300px\" \/><\/strong><\/p>\n<p style=\"text-align: justify;\">Passion\u00a0: le baroque. Orfeo explore deux si\u00e8cles de musique et s\u2019en est fait une sp\u00e9cialit\u00e9. Pas de concurrence et pas de d\u00e9rogation \u00e0 cette r\u00e8gle\u2026 Aussi ces passionn\u00e9s rendent-ils s\u00e9duisants des programmes aussi vari\u00e9s que <em>Le Nouveau Monde, Bacchus et Flore, Musique jud\u00e9o-baroque, Fun\u00e9railles \u00e0 Londres, Enfers\u2026<\/em><br \/>\nLa recette\u00a0: une confiance dans les aptitudes et qualit\u00e9s de chacun et le respect des individualit\u00e9s\u00a0\u2026 Plus int\u00e9ress\u00e9e par la ligne musicale, l\u2019expression, le style que par les effets de manche, Fran\u00e7oise Richard dirige avec souplesse et obtient pas sa confiance le meilleur de chacun. Ce mois-ci, Orfeo r\u00e9v\u00e8le un nouveau programme consacr\u00e9 aux c\u00e9l\u00e9brations romaines, plus excitant et novateur que les hit-parades\u2026\u00a0(<em>France Deb\u00e8s \u2013 Magazine Spirit \u2013 avril 2012<\/em>)<\/p>\n<p><strong><img loading=\"lazy\" decoding=\"async\" class=\"size-medium wp-image-682 aligncenter\" src=\"http:\/\/ensembleorfeo.fr\/wp-content\/uploads\/2018\/03\/separateur-60px-300x27.jpg\" alt=\"\" width=\"300\" height=\"27\" srcset=\"https:\/\/ensembleorfeo.fr\/wp-content\/uploads\/2018\/03\/separateur-60px-300x27.jpg 300w, https:\/\/ensembleorfeo.fr\/wp-content\/uploads\/2018\/03\/separateur-60px.jpg 659w\" sizes=\"auto, (max-width: 300px) 100vw, 300px\" \/><\/strong><\/p>\n<p style=\"text-align: justify;\">Une fois de plus, le choix de Fran\u00e7oise Richard s\u2019est av\u00e9r\u00e9 judicieux\u00a0: le \u00ab\u00a0Requiem\u00a0\u00bb d\u2019Antonio Lotti m\u00e9ritait d\u2019\u00eatre exhum\u00e9&#8230; Il r\u00e9v\u00e8le une imagination d\u2019une infinie vari\u00e9t\u00e9&#8230; Engagement individuel, \u00e9quilibre entre les pupitres, percutance de l\u2019articulation\u00a0: <strong>l\u2019ensemble vocal Orfeo est en grande forme<\/strong>, et plusieurs de ses membres sont aptes \u00e0 donner \u00e0 l\u2019occasion une r\u00e9plique aux solistes. Ceux-ci m\u00e9ritent tous les \u00e9loges\u00a0&#8230;<br \/>\nApr\u00e8s l\u2019entracte, quelques mesures \u00e0 peine du \u00ab\u00a0Dixit Dominus\u00a0\u00bb suffisent pour qu\u2019on reconnaisse la verve inimitable de Vivaldi&#8230; Les deux choeurs et les deux orchestres qui se r\u00e9pondent avec brio, les duos virtuoses et les airs planants &#8230; comblent les auditeurs dont aucun ne regrette d\u2019avoir troqu\u00e9 la chaleur estivale de ce bel apr\u00e8s-midi pour les fastes de Venise.<br \/>\n(<em>Fran\u00e7ois Clairant \u2013 Sud-Ouest \u00ab\u00a0Sortir\u00a0\u00bb &#8211; 4 octobre 2011<\/em>)<\/p>\n<p><strong><img loading=\"lazy\" decoding=\"async\" class=\"size-medium wp-image-682 aligncenter\" src=\"http:\/\/ensembleorfeo.fr\/wp-content\/uploads\/2018\/03\/separateur-60px-300x27.jpg\" alt=\"\" width=\"300\" height=\"27\" srcset=\"https:\/\/ensembleorfeo.fr\/wp-content\/uploads\/2018\/03\/separateur-60px-300x27.jpg 300w, https:\/\/ensembleorfeo.fr\/wp-content\/uploads\/2018\/03\/separateur-60px.jpg 659w\" sizes=\"auto, (max-width: 300px) 100vw, 300px\" \/><\/strong><\/p>\n<p style=\"text-align: justify;\">La Saint-Matthieu d\u00e9ployait ses fastes il y a quelques jours\u00a0: voici la Saint-Marc,\u00a0&#8230; un drame concentr\u00e9 et lumineux. <strong>Michel Lapl\u00e9nie &#8230; a su s\u2019entourer<\/strong> : outre les chanteurs de Sagittarius, toujours impeccables, l\u2019ensemble Fuoco e Cenere assure les parties orchestrales&#8230;et l\u2019<strong>ensemble Orfeo<\/strong> offre des chorals et choeurs pleins d\u2019allure et de conviction\u00a0.\u00a0(<em>Catherine Darfay \u2013 Sud-Ouest \u2013 6 avril 2011<\/em>)<\/p>\n<p><strong><img loading=\"lazy\" decoding=\"async\" class=\"size-medium wp-image-682 aligncenter\" src=\"http:\/\/ensembleorfeo.fr\/wp-content\/uploads\/2018\/03\/separateur-60px-300x27.jpg\" alt=\"\" width=\"300\" height=\"27\" srcset=\"https:\/\/ensembleorfeo.fr\/wp-content\/uploads\/2018\/03\/separateur-60px-300x27.jpg 300w, https:\/\/ensembleorfeo.fr\/wp-content\/uploads\/2018\/03\/separateur-60px.jpg 659w\" sizes=\"auto, (max-width: 300px) 100vw, 300px\" \/><\/strong><\/p>\n<p style=\"text-align: justify;\">Ils \u00e9taient 500 \u00e0 avoir r\u00e9serv\u00e9 leur place, ils ont \u00e9cout\u00e9 Sagittarius et Orfeo interpr\u00e9ter l\u2019Ode \u00e0 Sainte C\u00e9cile de <strong>Purcell<\/strong>,&#8230;un plaisir raffin\u00e9. Michel Lapl\u00e9nie a r\u00e9ussi \u00e0 f\u00e9d\u00e9rer les talents pour cette oeuvre difficile&#8230; Le choeur amateur Orfeo de Fran\u00e7oise Richard fait superbement sonner les apostrophes homophoniques (<em>Fran\u00e7ois Clairant \u2013 Sud-Ouest &#8211;\u00a0novembre 2010<\/em>)<\/p>\n<p><strong><img loading=\"lazy\" decoding=\"async\" class=\"size-medium wp-image-682 aligncenter\" src=\"http:\/\/ensembleorfeo.fr\/wp-content\/uploads\/2018\/03\/separateur-60px-300x27.jpg\" alt=\"\" width=\"300\" height=\"27\" srcset=\"https:\/\/ensembleorfeo.fr\/wp-content\/uploads\/2018\/03\/separateur-60px-300x27.jpg 300w, https:\/\/ensembleorfeo.fr\/wp-content\/uploads\/2018\/03\/separateur-60px.jpg 659w\" sizes=\"auto, (max-width: 300px) 100vw, 300px\" \/><\/strong><\/p>\n<p style=\"text-align: justify;\">Le public, tr\u00e8s nombreux, a \u00e9t\u00e9 s\u00e9duit et charm\u00e9 par les prouesses vocales et musicales (<em>Patricia Delage \u2013Sud-Ouest Talence &#8211; novembre 2010<\/em>)<\/p>\n<p><strong><img loading=\"lazy\" decoding=\"async\" class=\"size-medium wp-image-682 aligncenter\" src=\"http:\/\/ensembleorfeo.fr\/wp-content\/uploads\/2018\/03\/separateur-60px-300x27.jpg\" alt=\"\" width=\"300\" height=\"27\" srcset=\"https:\/\/ensembleorfeo.fr\/wp-content\/uploads\/2018\/03\/separateur-60px-300x27.jpg 300w, https:\/\/ensembleorfeo.fr\/wp-content\/uploads\/2018\/03\/separateur-60px.jpg 659w\" sizes=\"auto, (max-width: 300px) 100vw, 300px\" \/><\/strong><\/p>\n<p style=\"text-align: justify;\">L\u2019Ensemble Orfeo a s\u00e9duit l\u2019auditoire de l\u2019abbatiale (Vertheuil) par <strong>l\u2019originalit\u00e9 et la qualit\u00e9 de son interpr\u00e9tation<\/strong> [sous la] direction a\u00e9rienne mais rigoureuse de Fran\u00e7oise Richard&#8230; Choeur \u00e0 la m\u00e9trique subtile, \u00e0 la respiration parfaite, tout \u00e9tait r\u00e9uni pour faire de \u00ab\u00a0<strong>Bacchus et Flore<\/strong> \u00bb un moment in\u00e9dit, singulier, qui en a surpris plus d\u2019un. (<em>Mich\u00e8le Tardat \u2013 Journal du M\u00e9doc &#8211;\u00a0juillet 2009<\/em>)<\/p>\n<p><strong><img loading=\"lazy\" decoding=\"async\" class=\"size-medium wp-image-682 aligncenter\" src=\"http:\/\/ensembleorfeo.fr\/wp-content\/uploads\/2018\/03\/separateur-60px-300x27.jpg\" alt=\"\" width=\"300\" height=\"27\" srcset=\"https:\/\/ensembleorfeo.fr\/wp-content\/uploads\/2018\/03\/separateur-60px-300x27.jpg 300w, https:\/\/ensembleorfeo.fr\/wp-content\/uploads\/2018\/03\/separateur-60px.jpg 659w\" sizes=\"auto, (max-width: 300px) 100vw, 300px\" \/><\/strong><\/p>\n<p style=\"text-align: justify;\"><strong>Orfeo a enthousiasm\u00e9 le public<\/strong> en interpr\u00e9tant avec brio Delalande, Haendel, Charpentier, Rameau et d\u2019autres compositeurs moins connus mais qu\u2019il est toujours agr\u00e9able de d\u00e9couvrir (&#8230;) Des prouesses vocales et instrumentales, tr\u00e8s appr\u00e9ci\u00e9s et tr\u00e8s applaudies, au point qu\u2019il a fallu 2 bis pour rassasier le public. (<em>Suzy Vierge \u2013 Sud-Ouest La Br\u00e8de &#8211; juin 2009<\/em>)<\/p>\n<p><strong><img loading=\"lazy\" decoding=\"async\" class=\"size-medium wp-image-682 aligncenter\" src=\"http:\/\/ensembleorfeo.fr\/wp-content\/uploads\/2018\/03\/separateur-60px-300x27.jpg\" alt=\"\" width=\"300\" height=\"27\" srcset=\"https:\/\/ensembleorfeo.fr\/wp-content\/uploads\/2018\/03\/separateur-60px-300x27.jpg 300w, https:\/\/ensembleorfeo.fr\/wp-content\/uploads\/2018\/03\/separateur-60px.jpg 659w\" sizes=\"auto, (max-width: 300px) 100vw, 300px\" \/><\/strong><\/p>\n<p style=\"text-align: justify;\">La valeur musicale \u00e9tait vraiment tr\u00e8s surprenante. En effet, ce choeur, form\u00e9 de chanteurs en grande partie non professionnels, est <strong>d\u2019une qualit\u00e9 comparable \u00e0 certains ensembles professionnels <\/strong>par sa justesse et sa musicalit\u00e9. Le programme \u00e9tait tr\u00e8s bien choisi et diversifi\u00e9 (&#8230;) Nous attendons avec curiosit\u00e9 le prochain concert de ce jeune ensemble vocal dynamique et prometteur. (<em>S\u00e9bastien Dupuis \u2013 Classique News.com \u2013 f\u00e9vrier 2008<\/em>)<\/p>\n<p><strong><img loading=\"lazy\" decoding=\"async\" class=\"size-medium wp-image-682 aligncenter\" src=\"http:\/\/ensembleorfeo.fr\/wp-content\/uploads\/2018\/03\/separateur-60px-300x27.jpg\" alt=\"\" width=\"300\" height=\"27\" srcset=\"https:\/\/ensembleorfeo.fr\/wp-content\/uploads\/2018\/03\/separateur-60px-300x27.jpg 300w, https:\/\/ensembleorfeo.fr\/wp-content\/uploads\/2018\/03\/separateur-60px.jpg 659w\" sizes=\"auto, (max-width: 300px) 100vw, 300px\" \/><\/strong><\/p>\n<p style=\"text-align: justify;\">Orfeo a su s\u2019affirmer comme <strong>l\u2019une des plus exemplaires formations musicales de la r\u00e9gion <\/strong>gr\u00e2ce \u00e0 l\u2019intelligence de ses programmes, souvent originaux et audacieux, toujours subtilement compos\u00e9s, et \u00e0 la rigueur de ses interpr\u00e9tations\u00a0 (&#8230;) Une formation qui a retenu l\u2019attention des professionnels les plus \u00e9minents. (<em>Luc Bourrousse \u2013 Sud-Ouest 2008<\/em>)<\/p>\n<div>\n<p><strong><img loading=\"lazy\" decoding=\"async\" class=\"size-medium wp-image-682 aligncenter\" src=\"http:\/\/ensembleorfeo.fr\/wp-content\/uploads\/2018\/03\/separateur-60px-300x27.jpg\" alt=\"\" width=\"300\" height=\"27\" srcset=\"https:\/\/ensembleorfeo.fr\/wp-content\/uploads\/2018\/03\/separateur-60px-300x27.jpg 300w, https:\/\/ensembleorfeo.fr\/wp-content\/uploads\/2018\/03\/separateur-60px.jpg 659w\" sizes=\"auto, (max-width: 300px) 100vw, 300px\" \/><\/strong><\/p>\n<p style=\"text-align: justify;\">L\u2019histoire d\u2019Orfeo refl\u00e8te cette ambition de qualit\u00e9. Au cours des ann\u00e9es, l\u2019ensemble a r\u00e9uni des chanteurs ayant travaill\u00e9 avec Sagittarius, l\u2019ensemble vocal de l\u2019Abbaye aux Dames ou le Madrigal de Bordeaux, poss\u00e9dant de solides bases de technique vocale et d\u00e9chiffrant avec aisance: pratique amateur, certes (&#8230;) mais aux exigences professionnelles.<\/p>\n<p><strong><img loading=\"lazy\" decoding=\"async\" class=\"size-medium wp-image-682 aligncenter\" src=\"http:\/\/ensembleorfeo.fr\/wp-content\/uploads\/2018\/03\/separateur-60px-300x27.jpg\" alt=\"\" width=\"300\" height=\"27\" srcset=\"https:\/\/ensembleorfeo.fr\/wp-content\/uploads\/2018\/03\/separateur-60px-300x27.jpg 300w, https:\/\/ensembleorfeo.fr\/wp-content\/uploads\/2018\/03\/separateur-60px.jpg 659w\" sizes=\"auto, (max-width: 300px) 100vw, 300px\" \/><\/strong><\/p>\n<p style=\"text-align: justify;\">Les programmes ensuite, toujours savamment compos\u00e9s, organis\u00e9s qui, depuis les d\u00e9buts, ont os\u00e9 les exhumations sans s\u2019interdire les sentiers plus fr\u00e9quent\u00e9s, \u00e9quilibrant subtilement humeurs et esth\u00e9tiques. Les collaborations ne t\u00e9moignent pas moins en faveur d\u2019Orfeo. Celle avec Sagittarius s\u2019impose avec \u00e9vidence, riche en perspectives comme en moments m\u00e9morables&#8230; (<em>Luc Bourrousse \u2013 Sud-Ouest \u2013 13 septembre 2007<\/em>)<\/p>\n<\/div>\n<div>\u00a0<strong><img loading=\"lazy\" decoding=\"async\" class=\"size-medium wp-image-682 aligncenter\" src=\"http:\/\/ensembleorfeo.fr\/wp-content\/uploads\/2018\/03\/separateur-60px-300x27.jpg\" alt=\"\" width=\"300\" height=\"27\" srcset=\"https:\/\/ensembleorfeo.fr\/wp-content\/uploads\/2018\/03\/separateur-60px-300x27.jpg 300w, https:\/\/ensembleorfeo.fr\/wp-content\/uploads\/2018\/03\/separateur-60px.jpg 659w\" sizes=\"auto, (max-width: 300px) 100vw, 300px\" \/><\/strong><\/div>\n<div><em>\u00a0<\/em><\/div>\n<p style=\"text-align: justify;\">Le Magnificat du Pr\u00eatre roux est un pur plaisir, \u00e0 la fois impulsif, po\u00e9tique et jubilatoire&#8230; Le r\u00e9sultat est d\u2019une grande beaut\u00e9, cela p\u00e9tille jusqu\u2019au solennel Gloria Patri d\u2019une richesse inou\u00efe&#8230; Orfeo soigne les moindres d\u00e9tails. La fusion est totale entre tous ses membres. C\u2019est comme un premier rendez-vous. Le charme op\u00e8re, la s\u00e9duction passe par d\u2019autres partitions, \u00ab\u00a0Ascende laeta\u00a0\u00bb entra\u00eenant comme une danse&#8230; L\u2019auditoire tombe sous le charme. (<em>Michel D\u00e9cla \u2013 Sud-Ouest Dax, octobre 2005<\/em>)<\/p>\n<p><strong><img loading=\"lazy\" decoding=\"async\" class=\"size-medium wp-image-682 aligncenter\" src=\"http:\/\/ensembleorfeo.fr\/wp-content\/uploads\/2018\/03\/separateur-60px-300x27.jpg\" alt=\"\" width=\"300\" height=\"27\" srcset=\"https:\/\/ensembleorfeo.fr\/wp-content\/uploads\/2018\/03\/separateur-60px-300x27.jpg 300w, https:\/\/ensembleorfeo.fr\/wp-content\/uploads\/2018\/03\/separateur-60px.jpg 659w\" sizes=\"auto, (max-width: 300px) 100vw, 300px\" \/><\/strong><\/p>\n<p style=\"text-align: justify;\">Fran\u00e7oise Richard nous a habitu\u00e9s \u00e0 ces programmes subtils et riches en d\u00e9couvertes, entrem\u00ealant avec bonheur splendeurs reconnues et beaut\u00e9s plus secr\u00e8tes (<em>Sud-Ouest Bordeaux \u2013 mai 2004<\/em>)<\/p>\n<p><strong><img loading=\"lazy\" decoding=\"async\" class=\"size-medium wp-image-682 aligncenter\" src=\"http:\/\/ensembleorfeo.fr\/wp-content\/uploads\/2018\/03\/separateur-60px-300x27.jpg\" alt=\"\" width=\"300\" height=\"27\" srcset=\"https:\/\/ensembleorfeo.fr\/wp-content\/uploads\/2018\/03\/separateur-60px-300x27.jpg 300w, https:\/\/ensembleorfeo.fr\/wp-content\/uploads\/2018\/03\/separateur-60px.jpg 659w\" sizes=\"auto, (max-width: 300px) 100vw, 300px\" \/><\/strong><\/p>\n<p style=\"text-align: justify;\">Les sonorit\u00e9s du hautbois \u00e9voquaient quelque antique musette, dames et messieurs en atours, sans se d\u00e9partir de leur souveraine assurance, r\u00e9galaient le public d\u2019oeuvres d\u00e9licates, in\u00e9dites, surprenantes&#8230; Fran\u00e7oise Richard donnait un aper\u00e7u de sa virtuosit\u00e9, le reste du temps au service d\u2019une direction particuli\u00e8rement fluide\u00a0&#8230; Sensible, l\u2019auditoire le fut, \u00e0 l\u2019humour, \u00e0 la po\u00e9sie d\u2019un divertissement dont les ornementations musicales \u00e9taient servies par la souplesse et le travail d\u2019orf\u00e8vre des voix. (<em>Mich\u00e8le Tardat \u2013 Journal du M\u00e9doc \u2013 octobre 2003<\/em>)<\/p>\n<p><strong><img loading=\"lazy\" decoding=\"async\" class=\"size-medium wp-image-682 aligncenter\" src=\"http:\/\/ensembleorfeo.fr\/wp-content\/uploads\/2018\/03\/separateur-60px-300x27.jpg\" alt=\"\" width=\"300\" height=\"27\" srcset=\"https:\/\/ensembleorfeo.fr\/wp-content\/uploads\/2018\/03\/separateur-60px-300x27.jpg 300w, https:\/\/ensembleorfeo.fr\/wp-content\/uploads\/2018\/03\/separateur-60px.jpg 659w\" sizes=\"auto, (max-width: 300px) 100vw, 300px\" \/><\/strong><\/p>\n<p>1994 : la chic revue \u00ab Couleurs Bordeaux \u00bb pr\u00e9sente des groupes d\u2019avenir, dont Orfeo qui a un voisin c\u00e9l\u00e8bre (voir l\u2019article\u00a0<a href=\"https:\/\/ensembleorfeo.fr\/wp-content\/uploads\/2021\/03\/1CA50780-B0BB-4CF8-98B4-0978362298CC.jpeg\">ici)<\/a><\/p>\n<div><strong><img loading=\"lazy\" decoding=\"async\" class=\"size-medium wp-image-682 aligncenter\" src=\"http:\/\/ensembleorfeo.fr\/wp-content\/uploads\/2018\/03\/separateur-60px-300x27.jpg\" alt=\"\" width=\"300\" height=\"27\" srcset=\"https:\/\/ensembleorfeo.fr\/wp-content\/uploads\/2018\/03\/separateur-60px-300x27.jpg 300w, https:\/\/ensembleorfeo.fr\/wp-content\/uploads\/2018\/03\/separateur-60px.jpg 659w\" sizes=\"auto, (max-width: 300px) 100vw, 300px\" \/><\/strong><\/div>\n<div><\/div>\n<div style=\"text-align: justify;\">D\u00e9j\u00e0 en 1990..<\/div>\n<div style=\"text-align: justify;\">Beau succ\u00e8s et belle surprise pour le concert de l\u2019Ensemble Orfeo.\u00a0Surprise d\u2019autant meilleure qu\u2019on la doit \u00e0 un ensemble musical jeune et enthousiaste, l\u2019ensemble bordelais Orfeo, conduit par Fran\u00e7oise Richard&#8230; De belles qualit\u00e9s d\u2019expressivit\u00e9 vocale apparaissent chez les 18 choristes et chez Fran\u00e7oise Richard, tr\u00e8s applaudie dans trois arias. Et si l\u2019orchestre, jouant sur instruments baroques, a parfois manqu\u00e9 de puissance dans la vaste nef de Sainte-Jehanne,&#8230; il a offert une soir\u00e9e de tr\u00e8s haut niveau au nombreux public. <em>(Sud-Ouest Agen &#8211; 17 novembre 1990)<\/em><\/div>\n<div><\/div>\n<div><em>\u00a0<\/em><\/div>\n","protected":false},"excerpt":{"rendered":"<p>Le feu au ch\u00e2teau!\u00a0&#8211;\u00a0Orfeo \u00e9tait tr\u00e8s attendu [\u2026] et devait jouer \u00ab\u00a0\u00e0 guichets ferm\u00e9s\u00a0\u00bb [\u2026]\u00a0Ils ont alors fait leur apparition, en costumes somptueux [\u2026] souriants, d\u00e9tendus, [\u2026] Ces musiques royales [\u2026] ont conquis le public avec un r\u00e9pertoire baroque interpr\u00e9t\u00e9 par les voix puissantes de 16 chanteurs [\u2026] Les solistes encha\u00eenent les airs de bravoure, &hellip; <\/p>\n<p class=\"link-more\"><a href=\"https:\/\/ensembleorfeo.fr\/index.php\/revue-de-presse\/\" class=\"more-link\">Continuer la lecture<span class=\"screen-reader-text\"> de &laquo;&nbsp;Revue de presse&nbsp;&raquo;<\/span><\/a><\/p>\n","protected":false},"author":39,"featured_media":0,"parent":0,"menu_order":0,"comment_status":"closed","ping_status":"closed","template":"","meta":{"footnotes":""},"class_list":["post-63","page","type-page","status-publish","hentry"],"yoast_head":"<!-- This site is optimized with the Yoast SEO plugin v27.5 - https:\/\/yoast.com\/product\/yoast-seo-wordpress\/ -->\n<title>Revue de presse - Ensemble Baroque ORFEO<\/title>\n<meta name=\"robots\" content=\"index, follow, max-snippet:-1, max-image-preview:large, max-video-preview:-1\" \/>\n<link rel=\"canonical\" href=\"https:\/\/ensembleorfeo.fr\/index.php\/revue-de-presse\/\" \/>\n<meta property=\"og:locale\" content=\"fr_FR\" \/>\n<meta property=\"og:type\" content=\"article\" \/>\n<meta property=\"og:title\" content=\"Revue de presse - Ensemble Baroque ORFEO\" \/>\n<meta property=\"og:description\" content=\"Le feu au ch\u00e2teau!\u00a0&#8211;\u00a0Orfeo \u00e9tait tr\u00e8s attendu [\u2026] et devait jouer \u00ab\u00a0\u00e0 guichets ferm\u00e9s\u00a0\u00bb [\u2026]\u00a0Ils ont alors fait leur apparition, en costumes somptueux [\u2026] souriants, d\u00e9tendus, [\u2026] Ces musiques royales [\u2026] ont conquis le public avec un r\u00e9pertoire baroque interpr\u00e9t\u00e9 par les voix puissantes de 16 chanteurs [\u2026] Les solistes encha\u00eenent les airs de bravoure, &hellip; Continuer la lecture de &laquo;&nbsp;Revue de presse&nbsp;&raquo;\" \/>\n<meta property=\"og:url\" content=\"https:\/\/ensembleorfeo.fr\/index.php\/revue-de-presse\/\" \/>\n<meta property=\"og:site_name\" content=\"Ensemble Baroque ORFEO\" \/>\n<meta property=\"article:publisher\" content=\"https:\/\/www.facebook.com\/EnsembleOrfeo\/?eid=ARBaSR5WLVdmM60fRG9yuuJ0b1Yim05jQtqKqDw4YF6tKXNytAcqvv9ptI6tm6sIvwhxDEL7dlWbab1J\" \/>\n<meta property=\"article:modified_time\" content=\"2021-03-14T08:48:02+00:00\" \/>\n<meta property=\"og:image\" content=\"http:\/\/ensembleorfeo.fr\/wp-content\/uploads\/2018\/03\/separateur-60px-300x27.jpg\" \/>\n<meta name=\"twitter:card\" content=\"summary_large_image\" \/>\n<meta name=\"twitter:label1\" content=\"Dur\u00e9e de lecture estim\u00e9e\" \/>\n\t<meta name=\"twitter:data1\" content=\"13 minutes\" \/>\n<script type=\"application\/ld+json\" class=\"yoast-schema-graph\">{\"@context\":\"https:\\\/\\\/schema.org\",\"@graph\":[{\"@type\":\"WebPage\",\"@id\":\"https:\\\/\\\/ensembleorfeo.fr\\\/index.php\\\/revue-de-presse\\\/\",\"url\":\"https:\\\/\\\/ensembleorfeo.fr\\\/index.php\\\/revue-de-presse\\\/\",\"name\":\"Revue de presse - Ensemble Baroque ORFEO\",\"isPartOf\":{\"@id\":\"https:\\\/\\\/ensembleorfeo.fr\\\/#website\"},\"primaryImageOfPage\":{\"@id\":\"https:\\\/\\\/ensembleorfeo.fr\\\/index.php\\\/revue-de-presse\\\/#primaryimage\"},\"image\":{\"@id\":\"https:\\\/\\\/ensembleorfeo.fr\\\/index.php\\\/revue-de-presse\\\/#primaryimage\"},\"thumbnailUrl\":\"http:\\\/\\\/ensembleorfeo.fr\\\/wp-content\\\/uploads\\\/2018\\\/03\\\/separateur-60px-300x27.jpg\",\"datePublished\":\"2017-09-16T06:35:59+00:00\",\"dateModified\":\"2021-03-14T08:48:02+00:00\",\"breadcrumb\":{\"@id\":\"https:\\\/\\\/ensembleorfeo.fr\\\/index.php\\\/revue-de-presse\\\/#breadcrumb\"},\"inLanguage\":\"fr-FR\",\"potentialAction\":[{\"@type\":\"ReadAction\",\"target\":[\"https:\\\/\\\/ensembleorfeo.fr\\\/index.php\\\/revue-de-presse\\\/\"]}]},{\"@type\":\"ImageObject\",\"inLanguage\":\"fr-FR\",\"@id\":\"https:\\\/\\\/ensembleorfeo.fr\\\/index.php\\\/revue-de-presse\\\/#primaryimage\",\"url\":\"https:\\\/\\\/ensembleorfeo.fr\\\/wp-content\\\/uploads\\\/2018\\\/03\\\/separateur-60px.jpg\",\"contentUrl\":\"https:\\\/\\\/ensembleorfeo.fr\\\/wp-content\\\/uploads\\\/2018\\\/03\\\/separateur-60px.jpg\",\"width\":659,\"height\":60},{\"@type\":\"BreadcrumbList\",\"@id\":\"https:\\\/\\\/ensembleorfeo.fr\\\/index.php\\\/revue-de-presse\\\/#breadcrumb\",\"itemListElement\":[{\"@type\":\"ListItem\",\"position\":1,\"name\":\"Accueil\",\"item\":\"https:\\\/\\\/ensembleorfeo.fr\\\/\"},{\"@type\":\"ListItem\",\"position\":2,\"name\":\"Revue de presse\"}]},{\"@type\":\"WebSite\",\"@id\":\"https:\\\/\\\/ensembleorfeo.fr\\\/#website\",\"url\":\"https:\\\/\\\/ensembleorfeo.fr\\\/\",\"name\":\"Ensemble Baroque Orfeo\",\"description\":\"Direction Fran\u00e7oise Richard\",\"publisher\":{\"@id\":\"https:\\\/\\\/ensembleorfeo.fr\\\/#organization\"},\"potentialAction\":[{\"@type\":\"SearchAction\",\"target\":{\"@type\":\"EntryPoint\",\"urlTemplate\":\"https:\\\/\\\/ensembleorfeo.fr\\\/?s={search_term_string}\"},\"query-input\":{\"@type\":\"PropertyValueSpecification\",\"valueRequired\":true,\"valueName\":\"search_term_string\"}}],\"inLanguage\":\"fr-FR\"},{\"@type\":\"Organization\",\"@id\":\"https:\\\/\\\/ensembleorfeo.fr\\\/#organization\",\"name\":\"Ensemble Baroque Orfeo\",\"url\":\"https:\\\/\\\/ensembleorfeo.fr\\\/\",\"logo\":{\"@type\":\"ImageObject\",\"inLanguage\":\"fr-FR\",\"@id\":\"https:\\\/\\\/ensembleorfeo.fr\\\/#\\\/schema\\\/logo\\\/image\\\/\",\"url\":\"https:\\\/\\\/ensembleorfeo.fr\\\/wp-content\\\/uploads\\\/2018\\\/03\\\/Logo-Orfeo.jpg\",\"contentUrl\":\"https:\\\/\\\/ensembleorfeo.fr\\\/wp-content\\\/uploads\\\/2018\\\/03\\\/Logo-Orfeo.jpg\",\"width\":1671,\"height\":2156,\"caption\":\"Ensemble Baroque Orfeo\"},\"image\":{\"@id\":\"https:\\\/\\\/ensembleorfeo.fr\\\/#\\\/schema\\\/logo\\\/image\\\/\"},\"sameAs\":[\"https:\\\/\\\/www.facebook.com\\\/EnsembleOrfeo\\\/?eid=ARBaSR5WLVdmM60fRG9yuuJ0b1Yim05jQtqKqDw4YF6tKXNytAcqvv9ptI6tm6sIvwhxDEL7dlWbab1J\"]}]}<\/script>\n<!-- \/ Yoast SEO plugin. -->","yoast_head_json":{"title":"Revue de presse - Ensemble Baroque ORFEO","robots":{"index":"index","follow":"follow","max-snippet":"max-snippet:-1","max-image-preview":"max-image-preview:large","max-video-preview":"max-video-preview:-1"},"canonical":"https:\/\/ensembleorfeo.fr\/index.php\/revue-de-presse\/","og_locale":"fr_FR","og_type":"article","og_title":"Revue de presse - Ensemble Baroque ORFEO","og_description":"Le feu au ch\u00e2teau!\u00a0&#8211;\u00a0Orfeo \u00e9tait tr\u00e8s attendu [\u2026] et devait jouer \u00ab\u00a0\u00e0 guichets ferm\u00e9s\u00a0\u00bb [\u2026]\u00a0Ils ont alors fait leur apparition, en costumes somptueux [\u2026] souriants, d\u00e9tendus, [\u2026] Ces musiques royales [\u2026] ont conquis le public avec un r\u00e9pertoire baroque interpr\u00e9t\u00e9 par les voix puissantes de 16 chanteurs [\u2026] Les solistes encha\u00eenent les airs de bravoure, &hellip; Continuer la lecture de &laquo;&nbsp;Revue de presse&nbsp;&raquo;","og_url":"https:\/\/ensembleorfeo.fr\/index.php\/revue-de-presse\/","og_site_name":"Ensemble Baroque ORFEO","article_publisher":"https:\/\/www.facebook.com\/EnsembleOrfeo\/?eid=ARBaSR5WLVdmM60fRG9yuuJ0b1Yim05jQtqKqDw4YF6tKXNytAcqvv9ptI6tm6sIvwhxDEL7dlWbab1J","article_modified_time":"2021-03-14T08:48:02+00:00","og_image":[{"url":"http:\/\/ensembleorfeo.fr\/wp-content\/uploads\/2018\/03\/separateur-60px-300x27.jpg","type":"","width":"","height":""}],"twitter_card":"summary_large_image","twitter_misc":{"Dur\u00e9e de lecture estim\u00e9e":"13 minutes"},"schema":{"@context":"https:\/\/schema.org","@graph":[{"@type":"WebPage","@id":"https:\/\/ensembleorfeo.fr\/index.php\/revue-de-presse\/","url":"https:\/\/ensembleorfeo.fr\/index.php\/revue-de-presse\/","name":"Revue de presse - Ensemble Baroque ORFEO","isPartOf":{"@id":"https:\/\/ensembleorfeo.fr\/#website"},"primaryImageOfPage":{"@id":"https:\/\/ensembleorfeo.fr\/index.php\/revue-de-presse\/#primaryimage"},"image":{"@id":"https:\/\/ensembleorfeo.fr\/index.php\/revue-de-presse\/#primaryimage"},"thumbnailUrl":"http:\/\/ensembleorfeo.fr\/wp-content\/uploads\/2018\/03\/separateur-60px-300x27.jpg","datePublished":"2017-09-16T06:35:59+00:00","dateModified":"2021-03-14T08:48:02+00:00","breadcrumb":{"@id":"https:\/\/ensembleorfeo.fr\/index.php\/revue-de-presse\/#breadcrumb"},"inLanguage":"fr-FR","potentialAction":[{"@type":"ReadAction","target":["https:\/\/ensembleorfeo.fr\/index.php\/revue-de-presse\/"]}]},{"@type":"ImageObject","inLanguage":"fr-FR","@id":"https:\/\/ensembleorfeo.fr\/index.php\/revue-de-presse\/#primaryimage","url":"https:\/\/ensembleorfeo.fr\/wp-content\/uploads\/2018\/03\/separateur-60px.jpg","contentUrl":"https:\/\/ensembleorfeo.fr\/wp-content\/uploads\/2018\/03\/separateur-60px.jpg","width":659,"height":60},{"@type":"BreadcrumbList","@id":"https:\/\/ensembleorfeo.fr\/index.php\/revue-de-presse\/#breadcrumb","itemListElement":[{"@type":"ListItem","position":1,"name":"Accueil","item":"https:\/\/ensembleorfeo.fr\/"},{"@type":"ListItem","position":2,"name":"Revue de presse"}]},{"@type":"WebSite","@id":"https:\/\/ensembleorfeo.fr\/#website","url":"https:\/\/ensembleorfeo.fr\/","name":"Ensemble Baroque Orfeo","description":"Direction Fran\u00e7oise Richard","publisher":{"@id":"https:\/\/ensembleorfeo.fr\/#organization"},"potentialAction":[{"@type":"SearchAction","target":{"@type":"EntryPoint","urlTemplate":"https:\/\/ensembleorfeo.fr\/?s={search_term_string}"},"query-input":{"@type":"PropertyValueSpecification","valueRequired":true,"valueName":"search_term_string"}}],"inLanguage":"fr-FR"},{"@type":"Organization","@id":"https:\/\/ensembleorfeo.fr\/#organization","name":"Ensemble Baroque Orfeo","url":"https:\/\/ensembleorfeo.fr\/","logo":{"@type":"ImageObject","inLanguage":"fr-FR","@id":"https:\/\/ensembleorfeo.fr\/#\/schema\/logo\/image\/","url":"https:\/\/ensembleorfeo.fr\/wp-content\/uploads\/2018\/03\/Logo-Orfeo.jpg","contentUrl":"https:\/\/ensembleorfeo.fr\/wp-content\/uploads\/2018\/03\/Logo-Orfeo.jpg","width":1671,"height":2156,"caption":"Ensemble Baroque Orfeo"},"image":{"@id":"https:\/\/ensembleorfeo.fr\/#\/schema\/logo\/image\/"},"sameAs":["https:\/\/www.facebook.com\/EnsembleOrfeo\/?eid=ARBaSR5WLVdmM60fRG9yuuJ0b1Yim05jQtqKqDw4YF6tKXNytAcqvv9ptI6tm6sIvwhxDEL7dlWbab1J"]}]}},"_links":{"self":[{"href":"https:\/\/ensembleorfeo.fr\/index.php\/wp-json\/wp\/v2\/pages\/63","targetHints":{"allow":["GET"]}}],"collection":[{"href":"https:\/\/ensembleorfeo.fr\/index.php\/wp-json\/wp\/v2\/pages"}],"about":[{"href":"https:\/\/ensembleorfeo.fr\/index.php\/wp-json\/wp\/v2\/types\/page"}],"author":[{"embeddable":true,"href":"https:\/\/ensembleorfeo.fr\/index.php\/wp-json\/wp\/v2\/users\/39"}],"replies":[{"embeddable":true,"href":"https:\/\/ensembleorfeo.fr\/index.php\/wp-json\/wp\/v2\/comments?post=63"}],"version-history":[{"count":14,"href":"https:\/\/ensembleorfeo.fr\/index.php\/wp-json\/wp\/v2\/pages\/63\/revisions"}],"predecessor-version":[{"id":4239,"href":"https:\/\/ensembleorfeo.fr\/index.php\/wp-json\/wp\/v2\/pages\/63\/revisions\/4239"}],"wp:attachment":[{"href":"https:\/\/ensembleorfeo.fr\/index.php\/wp-json\/wp\/v2\/media?parent=63"}],"curies":[{"name":"wp","href":"https:\/\/api.w.org\/{rel}","templated":true}]}}