{"id":88,"date":"2017-09-16T17:57:58","date_gmt":"2017-09-16T15:57:58","guid":{"rendered":"http:\/\/exoneration-taxe-habitation.fr\/?page_id=88"},"modified":"2025-11-19T16:25:10","modified_gmt":"2025-11-19T15:25:10","slug":"extraits-musicaux","status":"publish","type":"page","link":"https:\/\/ensembleorfeo.fr\/index.php\/extraits-musicaux\/","title":{"rendered":"Extraits musicaux"},"content":{"rendered":"\n<h3 class=\"wp-block-heading\" id=\"frantisek-tuma\"><strong><em><span style=\"background-color:rgba(0, 0, 0, 0)\" class=\"has-inline-color has-luminous-vivid-orange-color\">Antonio Vivaldi<\/span><\/em><\/strong><\/h3>\n\n\n<div class=\"wp-playlist wp-audio-playlist wp-playlist-light\">\n\t\t\t<div class=\"wp-playlist-current-item\"><\/div>\n\t\t<audio controls=\"controls\" preload=\"none\" width=\"503\"\n\t\t\t><\/audio>\n\t<div class=\"wp-playlist-next\"><\/div>\n\t<div class=\"wp-playlist-prev\"><\/div>\n\t<noscript>\n\t<ol>\n\t\t<li><a href='https:\/\/ensembleorfeo.fr\/wp-content\/uploads\/2023\/09\/13-In-Exitu-Israel.m4a'>In Exitu Israel<\/a><\/li>\t<\/ol>\n\t<\/noscript>\n\t<script type=\"application\/json\" class=\"wp-playlist-script\">{\"type\":\"audio\",\"tracklist\":true,\"tracknumbers\":true,\"images\":true,\"artists\":true,\"tracks\":[{\"src\":\"https:\/\/ensembleorfeo.fr\/wp-content\/uploads\/2023\/09\/13-In-Exitu-Israel.m4a\",\"type\":\"audio\/mpeg\",\"title\":\"In Exitu Israel\",\"caption\":\"\",\"description\":\"\\u003Ci\\u003EIn Exitu Israel\\u003C\/i\\u003E.\",\"meta\":{\"artist\":\"Ensemble baroque Orfeo\",\"album\":\"Vivaldi cet inconnu (2023)\",\"length_formatted\":\"3:52\"},\"image\":{\"src\":\"https:\/\/ensembleorfeo.fr\/wp-includes\/images\/media\/audio.svg\",\"width\":48,\"height\":64},\"thumb\":{\"src\":\"https:\/\/ensembleorfeo.fr\/wp-includes\/images\/media\/audio.svg\",\"width\":48,\"height\":64}}]}<\/script>\n<\/div>\n\t\n\n\n\n<h3 class=\"wp-block-heading\"><em><strong><img loading=\"lazy\" decoding=\"async\" class=\"size-medium wp-image-682 aligncenter\" src=\"http:\/\/ensembleorfeo.fr\/wp-content\/uploads\/2018\/03\/separateur-60px-300x27.jpg\" alt=\"\" width=\"300\" height=\"27\" srcset=\"https:\/\/ensembleorfeo.fr\/wp-content\/uploads\/2018\/03\/separateur-60px-300x27.jpg 300w, https:\/\/ensembleorfeo.fr\/wp-content\/uploads\/2018\/03\/separateur-60px.jpg 659w\" sizes=\"auto, (max-width: 300px) 100vw, 300px\" \/><\/strong><\/em><\/h3>\n\n\n\n<h3 class=\"wp-block-heading\" id=\"frantisek-tuma\"><strong><em><span class=\"has-inline-color has-luminous-vivid-orange-color\">Franti\u0161ek T\u016fma<\/span><\/em><\/strong><\/h3>\n\n\n<div class=\"wp-playlist wp-audio-playlist wp-playlist-light\">\n\t\t\t<div class=\"wp-playlist-current-item\"><\/div>\n\t\t<audio controls=\"controls\" preload=\"none\" width=\"503\"\n\t\t\t><\/audio>\n\t<div class=\"wp-playlist-next\"><\/div>\n\t<div class=\"wp-playlist-prev\"><\/div>\n\t<noscript>\n\t<ol>\n\t\t<li><a href='https:\/\/ensembleorfeo.fr\/wp-content\/uploads\/2021\/10\/27-FRANTISEK-TUMA-Stabat-mater-Eja-mater.mp3'>Eja Mater (2021)<\/a><\/li>\t<\/ol>\n\t<\/noscript>\n\t<script type=\"application\/json\" class=\"wp-playlist-script\">{\"type\":\"audio\",\"tracklist\":true,\"tracknumbers\":true,\"images\":true,\"artists\":true,\"tracks\":[{\"src\":\"https:\/\/ensembleorfeo.fr\/wp-content\/uploads\/2021\/10\/27-FRANTISEK-TUMA-Stabat-mater-Eja-mater.mp3\",\"type\":\"audio\/mpeg\",\"title\":\"Eja Mater (2021)\",\"caption\":\"\",\"description\":\"\\u003Ci\\u003E27-FRANTISEK TUMA Stabat mater, Eja mater\\u003C\/i\\u003E.\",\"meta\":{\"artist\":\"Ensemble Baroque Orfeo\",\"album\":\"Stabat Mater\",\"length_formatted\":\"1:23\"},\"image\":{\"src\":\"https:\/\/ensembleorfeo.fr\/wp-includes\/images\/media\/audio.svg\",\"width\":48,\"height\":64},\"thumb\":{\"src\":\"https:\/\/ensembleorfeo.fr\/wp-includes\/images\/media\/audio.svg\",\"width\":48,\"height\":64}}]}<\/script>\n<\/div>\n\t\n\n\n\n<h3 class=\"wp-block-heading\"><em><strong><img loading=\"lazy\" decoding=\"async\" class=\"size-medium wp-image-682 aligncenter\" src=\"http:\/\/ensembleorfeo.fr\/wp-content\/uploads\/2018\/03\/separateur-60px-300x27.jpg\" alt=\"\" width=\"300\" height=\"27\" srcset=\"https:\/\/ensembleorfeo.fr\/wp-content\/uploads\/2018\/03\/separateur-60px-300x27.jpg 300w, https:\/\/ensembleorfeo.fr\/wp-content\/uploads\/2018\/03\/separateur-60px.jpg 659w\" sizes=\"auto, (max-width: 300px) 100vw, 300px\" \/><\/strong><\/em><\/h3>\n\n\n\n<h3 class=\"wp-block-heading\" id=\"g-ph-telemann\"><span style=\"color: #b4082b;\"><em><strong><span class=\"has-inline-color has-luminous-vivid-orange-color\">G-Ph. Telemann<\/span><\/strong><\/em><\/span><\/h3>\n\n\n<div class=\"wp-playlist wp-audio-playlist wp-playlist-light\">\n\t\t\t<div class=\"wp-playlist-current-item\"><\/div>\n\t\t<audio controls=\"controls\" preload=\"none\" width=\"503\"\n\t\t\t><\/audio>\n\t<div class=\"wp-playlist-next\"><\/div>\n\t<div class=\"wp-playlist-prev\"><\/div>\n\t<noscript>\n\t<ol>\n\t\t<li><a href='https:\/\/ensembleorfeo.fr\/wp-content\/uploads\/2020\/01\/20-TELEMANN-Ode-du-tonnerre-Choeur-Wie-ist-dein-Name-bis.mp3'>Choeur Wie ist dein Name (2019)<\/a><\/li>\t<\/ol>\n\t<\/noscript>\n\t<script type=\"application\/json\" class=\"wp-playlist-script\">{\"type\":\"audio\",\"tracklist\":true,\"tracknumbers\":true,\"images\":true,\"artists\":true,\"tracks\":[{\"src\":\"https:\/\/ensembleorfeo.fr\/wp-content\/uploads\/2020\/01\/20-TELEMANN-Ode-du-tonnerre-Choeur-Wie-ist-dein-Name-bis.mp3\",\"type\":\"audio\/mpeg\",\"title\":\"Choeur Wie ist dein Name (2019)\",\"caption\":\"\",\"description\":\"\\u003Ci\\u003E20-TELEMANN Ode du tonnerre, Choeur Wie ist dein Name (bis)\\u003C\/i\\u003E.\",\"meta\":{\"artist\":\"Ensemble Baroque Orfeo\",\"album\":\"Donner Ode\",\"length_formatted\":\"2:19\"},\"image\":{\"src\":\"https:\/\/ensembleorfeo.fr\/wp-includes\/images\/media\/audio.svg\",\"width\":48,\"height\":64},\"thumb\":{\"src\":\"https:\/\/ensembleorfeo.fr\/wp-includes\/images\/media\/audio.svg\",\"width\":48,\"height\":64}}]}<\/script>\n<\/div>\n\t\n\n\n\n<h3 class=\"wp-block-heading\"><em><strong><img loading=\"lazy\" decoding=\"async\" class=\"size-medium wp-image-682 aligncenter\" src=\"http:\/\/ensembleorfeo.fr\/wp-content\/uploads\/2018\/03\/separateur-60px-300x27.jpg\" alt=\"\" width=\"300\" height=\"27\" srcset=\"https:\/\/ensembleorfeo.fr\/wp-content\/uploads\/2018\/03\/separateur-60px-300x27.jpg 300w, https:\/\/ensembleorfeo.fr\/wp-content\/uploads\/2018\/03\/separateur-60px.jpg 659w\" sizes=\"auto, (max-width: 300px) 100vw, 300px\" \/><\/strong><\/em><\/h3>\n\n\n\n<h3 class=\"wp-block-heading\" id=\"j-s-bach\"><span style=\"color: #b4082b;\"><em><strong><span class=\"has-inline-color has-luminous-vivid-orange-color\">J-S. Bach<\/span><\/strong><\/em><\/span><\/h3>\n\n\n<div class=\"wp-playlist wp-audio-playlist wp-playlist-light\">\n\t\t\t<div class=\"wp-playlist-current-item\"><\/div>\n\t\t<audio controls=\"controls\" preload=\"none\" width=\"503\"\n\t\t\t><\/audio>\n\t<div class=\"wp-playlist-next\"><\/div>\n\t<div class=\"wp-playlist-prev\"><\/div>\n\t<noscript>\n\t<ol>\n\t\t<li><a href='https:\/\/ensembleorfeo.fr\/wp-content\/uploads\/2018\/06\/18-J-S-BACH-Cantate-BWV-150-Choeur-Leite-mich.mp3'>Choeur Leite mich (2018)<\/a><\/li>\t<\/ol>\n\t<\/noscript>\n\t<script type=\"application\/json\" class=\"wp-playlist-script\">{\"type\":\"audio\",\"tracklist\":true,\"tracknumbers\":true,\"images\":false,\"artists\":false,\"tracks\":[{\"src\":\"https:\/\/ensembleorfeo.fr\/wp-content\/uploads\/2018\/06\/18-J-S-BACH-Cantate-BWV-150-Choeur-Leite-mich.mp3\",\"type\":\"audio\/mpeg\",\"title\":\"Choeur Leite mich (2018)\",\"caption\":\"\",\"description\":\"\\u003Ci\\u003E18-J S BACH, Cantate BWV 150, Choeur Leite mich\\u003C\/i\\u003E.\",\"meta\":{\"artist\":\"Ensemble Baroque Orfeo\",\"album\":\"Cantate BWV 150\",\"length_formatted\":\"1:46\"},\"image\":{\"src\":\"https:\/\/ensembleorfeo.fr\/wp-includes\/images\/media\/audio.svg\",\"width\":48,\"height\":64},\"thumb\":{\"src\":\"https:\/\/ensembleorfeo.fr\/wp-includes\/images\/media\/audio.svg\",\"width\":48,\"height\":64}}]}<\/script>\n<\/div>\n\t\n\n\n\n<h3 class=\"wp-block-heading\"><em><strong><img loading=\"lazy\" decoding=\"async\" class=\"size-medium wp-image-682 aligncenter\" src=\"http:\/\/ensembleorfeo.fr\/wp-content\/uploads\/2018\/03\/separateur-60px-300x27.jpg\" alt=\"\" width=\"300\" height=\"27\" srcset=\"https:\/\/ensembleorfeo.fr\/wp-content\/uploads\/2018\/03\/separateur-60px-300x27.jpg 300w, https:\/\/ensembleorfeo.fr\/wp-content\/uploads\/2018\/03\/separateur-60px.jpg 659w\" sizes=\"auto, (max-width: 300px) 100vw, 300px\" \/><\/strong><\/em><\/h3>\n\n\n\n<h3 class=\"wp-block-heading\" id=\"henry-purcell\"><span style=\"color: #b4082b;\"><em><strong><span class=\"has-inline-color has-luminous-vivid-orange-color\">Henry Purcell<\/span><\/strong><\/em><\/span><\/h3>\n\n\n<div class=\"wp-playlist wp-audio-playlist wp-playlist-light\">\n\t\t\t<div class=\"wp-playlist-current-item\"><\/div>\n\t\t<audio controls=\"controls\" preload=\"none\" width=\"503\"\n\t\t\t><\/audio>\n\t<div class=\"wp-playlist-next\"><\/div>\n\t<div class=\"wp-playlist-prev\"><\/div>\n\t<noscript>\n\t<ol>\n\t\t<li><a href='https:\/\/ensembleorfeo.fr\/wp-content\/uploads\/2018\/03\/Didon-fin.mp3'>Mort de Didon & Fin (Didon : C\u00e9cile Banquey) 2017<\/a><\/li>\t<\/ol>\n\t<\/noscript>\n\t<script type=\"application\/json\" class=\"wp-playlist-script\">{\"type\":\"audio\",\"tracklist\":true,\"tracknumbers\":true,\"images\":false,\"artists\":false,\"tracks\":[{\"src\":\"https:\/\/ensembleorfeo.fr\/wp-content\/uploads\/2018\/03\/Didon-fin.mp3\",\"type\":\"audio\/mpeg\",\"title\":\"Mort de Didon & Fin (Didon : C\\u00e9cile Banquey) 2017\",\"caption\":\"\",\"description\":\"\\u003Ci\\u003E16-Acte 3 Partie 4\\u003C\/i\\u003E tir\\u00e9 de \\u003Ci\\u003EDidon et En\\u00e9e\\u003C\/i\\u003E par Ensemble Baroque Orfeo. Date de sortie&nbsp;: 2017. Piste 16 sur 16. Genre&nbsp;: Classical\",\"meta\":{\"artist\":\"Ensemble Baroque Orfeo\",\"album\":\"Didon et En\\u00e9e\",\"genre\":\"Classical\",\"year\":\"2017\",\"length_formatted\":\"8:04\"},\"image\":{\"src\":\"https:\/\/ensembleorfeo.fr\/wp-includes\/images\/media\/audio.svg\",\"width\":48,\"height\":64},\"thumb\":{\"src\":\"https:\/\/ensembleorfeo.fr\/wp-includes\/images\/media\/audio.svg\",\"width\":48,\"height\":64}}]}<\/script>\n<\/div>\n\t\n\n\n\n<h3 class=\"wp-block-heading\"><em><strong><img loading=\"lazy\" decoding=\"async\" class=\"size-medium wp-image-682 aligncenter\" src=\"http:\/\/ensembleorfeo.fr\/wp-content\/uploads\/2018\/03\/separateur-60px-300x27.jpg\" alt=\"\" width=\"300\" height=\"27\" srcset=\"https:\/\/ensembleorfeo.fr\/wp-content\/uploads\/2018\/03\/separateur-60px-300x27.jpg 300w, https:\/\/ensembleorfeo.fr\/wp-content\/uploads\/2018\/03\/separateur-60px.jpg 659w\" sizes=\"auto, (max-width: 300px) 100vw, 300px\" \/><\/strong><\/em><\/h3>\n\n\n\n<h3 class=\"wp-block-heading\" id=\"marc-antoine-charpentier\"><span style=\"color: #b4082b;\"><em><strong><span class=\"has-inline-color has-luminous-vivid-orange-color\">Marc-Antoine &nbsp;Charpentier<\/span><\/strong><\/em><\/span><\/h3>\n\n\n<div class=\"wp-playlist wp-audio-playlist wp-playlist-light\">\n\t\t\t<div class=\"wp-playlist-current-item\"><\/div>\n\t\t<audio controls=\"controls\" preload=\"none\" width=\"503\"\n\t\t\t><\/audio>\n\t<div class=\"wp-playlist-next\"><\/div>\n\t<div class=\"wp-playlist-prev\"><\/div>\n\t<noscript>\n\t<ol>\n\t\t<li><a href='https:\/\/ensembleorfeo.fr\/wp-content\/uploads\/2018\/03\/Act\u00e9on-sc\u00e8ne1.mp3'>Sce\u0300ne 1 (Act\u00e9on : Fran\u00e7ois-Nicolas Geslot) (2017)<\/a><\/li><li><a href='https:\/\/ensembleorfeo.fr\/wp-content\/uploads\/2018\/03\/Charpentier-Act\u00e9on-Choeur-des-chasseurs.mp3'>Sc\u00e8ne 5 (2017)<\/a><\/li>\t<\/ol>\n\t<\/noscript>\n\t<script type=\"application\/json\" class=\"wp-playlist-script\">{\"type\":\"audio\",\"tracklist\":true,\"tracknumbers\":true,\"images\":false,\"artists\":false,\"tracks\":[{\"src\":\"https:\/\/ensembleorfeo.fr\/wp-content\/uploads\/2018\/03\/Act\\u00e9on-sc\\u00e8ne1.mp3\",\"type\":\"audio\/mpeg\",\"title\":\"Sce\\u0300ne 1 (Act\\u00e9on : Fran\\u00e7ois-Nicolas Geslot) (2017)\",\"caption\":\"\",\"description\":\"\\u003Ci\\u003EActe\\u0301on sce\\u0300ne1\\u003C\/i\\u003E.\",\"meta\":{\"artist\":\"Ensemble Baroque Orfeo\",\"album\":\"Act\\u00e9on\",\"length_formatted\":\"2:24\"},\"image\":{\"src\":\"https:\/\/ensembleorfeo.fr\/wp-includes\/images\/media\/audio.svg\",\"width\":48,\"height\":64},\"thumb\":{\"src\":\"https:\/\/ensembleorfeo.fr\/wp-includes\/images\/media\/audio.svg\",\"width\":48,\"height\":64}},{\"src\":\"https:\/\/ensembleorfeo.fr\/wp-content\/uploads\/2018\/03\/Charpentier-Act\\u00e9on-Choeur-des-chasseurs.mp3\",\"type\":\"audio\/mpeg\",\"title\":\"Sc\\u00e8ne 5 (2017)\",\"caption\":\"\",\"description\":\"\\u003Ci\\u003EPiste 23\\u003C\/i\\u003E. Piste 23 sur 27.\",\"meta\":{\"artist\":\"Ensemble Baroque Orfeo\",\"album\":\"Act\\u00e9on\",\"length_formatted\":\"5:10\"},\"image\":{\"src\":\"https:\/\/ensembleorfeo.fr\/wp-includes\/images\/media\/audio.svg\",\"width\":48,\"height\":64},\"thumb\":{\"src\":\"https:\/\/ensembleorfeo.fr\/wp-includes\/images\/media\/audio.svg\",\"width\":48,\"height\":64}}]}<\/script>\n<\/div>\n\t\n\n\n\n<h3 class=\"wp-block-heading\"><em><strong><img loading=\"lazy\" decoding=\"async\" class=\"size-medium wp-image-682 aligncenter\" src=\"http:\/\/ensembleorfeo.fr\/wp-content\/uploads\/2018\/03\/separateur-60px-300x27.jpg\" alt=\"\" width=\"300\" height=\"27\" srcset=\"https:\/\/ensembleorfeo.fr\/wp-content\/uploads\/2018\/03\/separateur-60px-300x27.jpg 300w, https:\/\/ensembleorfeo.fr\/wp-content\/uploads\/2018\/03\/separateur-60px.jpg 659w\" sizes=\"auto, (max-width: 300px) 100vw, 300px\" \/><\/strong><\/em><\/h3>\n\n\n\n<h3 class=\"wp-block-heading\" id=\"jean-joseph-cassanea-de-mondonville\"><span style=\"color: #b4082b;\"><em><strong><span class=\"has-inline-color has-luminous-vivid-orange-color\">Jean-Joseph Cassan\u00e9a de Mondonville<\/span><\/strong><\/em><\/span><\/h3>\n\n\n<div class=\"wp-playlist wp-audio-playlist wp-playlist-light\">\n\t\t\t<div class=\"wp-playlist-current-item\"><\/div>\n\t\t<audio controls=\"controls\" preload=\"none\" width=\"503\"\n\t\t\t><\/audio>\n\t<div class=\"wp-playlist-next\"><\/div>\n\t<div class=\"wp-playlist-prev\"><\/div>\n\t<noscript>\n\t<ol>\n\t\t<li><a href='https:\/\/ensembleorfeo.fr\/wp-content\/uploads\/2018\/03\/jordanis.mp3'>In Exitu Isra\u00ebl - Jordanis (2016)<\/a><\/li><li><a href='https:\/\/ensembleorfeo.fr\/wp-content\/uploads\/2018\/03\/requiem.mp3'>De profundis - Requiem (2016)<\/a><\/li>\t<\/ol>\n\t<\/noscript>\n\t<script type=\"application\/json\" class=\"wp-playlist-script\">{\"type\":\"audio\",\"tracklist\":true,\"tracknumbers\":true,\"images\":false,\"artists\":true,\"tracks\":[{\"src\":\"https:\/\/ensembleorfeo.fr\/wp-content\/uploads\/2018\/03\/jordanis.mp3\",\"type\":\"audio\/mpeg\",\"title\":\"In Exitu Isra\\u00ebl - Jordanis (2016)\",\"caption\":\"\",\"description\":\"\\u003Ci\\u003Ejordanis\\u003C\/i\\u003E.\",\"meta\":{\"artist\":\"Ensemble Baroque Orfeo\",\"album\":\"Mondonville\",\"length_formatted\":\"2:40\"},\"image\":{\"src\":\"https:\/\/ensembleorfeo.fr\/wp-includes\/images\/media\/audio.svg\",\"width\":48,\"height\":64},\"thumb\":{\"src\":\"https:\/\/ensembleorfeo.fr\/wp-includes\/images\/media\/audio.svg\",\"width\":48,\"height\":64}},{\"src\":\"https:\/\/ensembleorfeo.fr\/wp-content\/uploads\/2018\/03\/requiem.mp3\",\"type\":\"audio\/mpeg\",\"title\":\"De profundis - Requiem (2016)\",\"caption\":\"\",\"description\":\"\\u003Ci\\u003Erequiem\\u003C\/i\\u003E.\",\"meta\":{\"artist\":\"Ensemble Baroque Orfeo\",\"album\":\"Mondonville\",\"length_formatted\":\"5:06\"},\"image\":{\"src\":\"https:\/\/ensembleorfeo.fr\/wp-includes\/images\/media\/audio.svg\",\"width\":48,\"height\":64},\"thumb\":{\"src\":\"https:\/\/ensembleorfeo.fr\/wp-includes\/images\/media\/audio.svg\",\"width\":48,\"height\":64}}]}<\/script>\n<\/div>\n\t\n\n\n\n<h3 class=\"wp-block-heading\"><em><strong><img loading=\"lazy\" decoding=\"async\" class=\"size-medium wp-image-682 aligncenter\" src=\"http:\/\/ensembleorfeo.fr\/wp-content\/uploads\/2018\/03\/separateur-60px-300x27.jpg\" alt=\"\" width=\"300\" height=\"27\" srcset=\"https:\/\/ensembleorfeo.fr\/wp-content\/uploads\/2018\/03\/separateur-60px-300x27.jpg 300w, https:\/\/ensembleorfeo.fr\/wp-content\/uploads\/2018\/03\/separateur-60px.jpg 659w\" sizes=\"auto, (max-width: 300px) 100vw, 300px\" \/><\/strong><\/em><\/h3>\n\n\n\n<h3 class=\"wp-block-heading\" id=\"georg-friedrich-haendel\"><span style=\"color: #b4082b;\"><em><strong><span class=\"has-inline-color has-luminous-vivid-orange-color\">Georg Friedrich Haendel<\/span><\/strong><\/em><\/span><\/h3>\n\n\n<div class=\"wp-playlist wp-audio-playlist wp-playlist-light\">\n\t\t\t<div class=\"wp-playlist-current-item\"><\/div>\n\t\t<audio controls=\"controls\" preload=\"none\" width=\"503\"\n\t\t\t><\/audio>\n\t<div class=\"wp-playlist-next\"><\/div>\n\t<div class=\"wp-playlist-prev\"><\/div>\n\t<noscript>\n\t<ol>\n\t\t<li><a href='https:\/\/ensembleorfeo.fr\/wp-content\/uploads\/2018\/03\/halleluia.mp3'>Halleluia (2008)<\/a><\/li>\t<\/ol>\n\t<\/noscript>\n\t<script type=\"application\/json\" class=\"wp-playlist-script\">{\"type\":\"audio\",\"tracklist\":true,\"tracknumbers\":true,\"images\":false,\"artists\":false,\"tracks\":[{\"src\":\"https:\/\/ensembleorfeo.fr\/wp-content\/uploads\/2018\/03\/halleluia.mp3\",\"type\":\"audio\/mpeg\",\"title\":\"Halleluia (2008)\",\"caption\":\"\",\"description\":\"\\u003Ci\\u003EHalleluia\\u003C\/i\\u003E tir\\u00e9 de \\u003Ci\\u003EHaendel\\u003C\/i\\u003E par Orfeo. Date de sortie&nbsp;: 2008. Piste 13 sur 25.\",\"meta\":{\"artist\":\"Enemble Baroque Orfeo\",\"album\":\"Haendel\",\"year\":\"2008\",\"length_formatted\":\"3:51\"},\"image\":{\"src\":\"https:\/\/ensembleorfeo.fr\/wp-includes\/images\/media\/audio.svg\",\"width\":48,\"height\":64},\"thumb\":{\"src\":\"https:\/\/ensembleorfeo.fr\/wp-includes\/images\/media\/audio.svg\",\"width\":48,\"height\":64}}]}<\/script>\n<\/div>\n\t\n\n\n\n<h3 class=\"wp-block-heading\"><em><strong><img loading=\"lazy\" decoding=\"async\" class=\"size-medium wp-image-682 aligncenter\" src=\"http:\/\/ensembleorfeo.fr\/wp-content\/uploads\/2018\/03\/separateur-60px-300x27.jpg\" alt=\"\" width=\"300\" height=\"27\" srcset=\"https:\/\/ensembleorfeo.fr\/wp-content\/uploads\/2018\/03\/separateur-60px-300x27.jpg 300w, https:\/\/ensembleorfeo.fr\/wp-content\/uploads\/2018\/03\/separateur-60px.jpg 659w\" sizes=\"auto, (max-width: 300px) 100vw, 300px\" \/><\/strong><\/em><\/h3>\n\n\n\n<h3 class=\"wp-block-heading\" id=\"jean-joseph-cassanea-de-mondonville\"><span style=\"color: #b4082b;\"><em><strong><span class=\"has-inline-color has-luminous-vivid-orange-color\">Jean-Joseph Cassan\u00e9a de Mondonville<\/span><\/strong><\/em><\/span><\/h3>\n\n\n<div class=\"wp-playlist wp-audio-playlist wp-playlist-light\">\n\t\t\t<div class=\"wp-playlist-current-item\"><\/div>\n\t\t<audio controls=\"controls\" preload=\"none\" width=\"503\"\n\t\t\t><\/audio>\n\t<div class=\"wp-playlist-next\"><\/div>\n\t<div class=\"wp-playlist-prev\"><\/div>\n\t<noscript>\n\t<ol>\n\t\t<li><a href='https:\/\/ensembleorfeo.fr\/wp-content\/uploads\/2018\/03\/choeur.mp3'>Dominus Regnavit (2007)<\/a><\/li><li><a href='https:\/\/ensembleorfeo.fr\/wp-content\/uploads\/2018\/03\/tempete.mp3'>Temp\u00eate (2007)<\/a><\/li>\t<\/ol>\n\t<\/noscript>\n\t<script type=\"application\/json\" class=\"wp-playlist-script\">{\"type\":\"audio\",\"tracklist\":true,\"tracknumbers\":true,\"images\":false,\"artists\":false,\"tracks\":[{\"src\":\"https:\/\/ensembleorfeo.fr\/wp-content\/uploads\/2018\/03\/choeur.mp3\",\"type\":\"audio\/mpeg\",\"title\":\"Dominus Regnavit (2007)\",\"caption\":\"\",\"description\":\"\\u003Ci\\u003EChoeur1\\u003C\/i\\u003E tir\\u00e9 de \\u003Ci\\u003EMondonville Dominus Regnavit\\u003C\/i\\u003E par Orfeo. Date de sortie&nbsp;: 2007. Piste 1 sur 6.\",\"meta\":{\"artist\":\"Ensemble Baroque Orfeo\",\"album\":\"Mondonville\",\"year\":\"2007\",\"length_formatted\":\"4:18\"},\"image\":{\"src\":\"https:\/\/ensembleorfeo.fr\/wp-includes\/images\/media\/audio.svg\",\"width\":48,\"height\":64},\"thumb\":{\"src\":\"https:\/\/ensembleorfeo.fr\/wp-includes\/images\/media\/audio.svg\",\"width\":48,\"height\":64}},{\"src\":\"https:\/\/ensembleorfeo.fr\/wp-content\/uploads\/2018\/03\/tempete.mp3\",\"type\":\"audio\/mpeg\",\"title\":\"Temp\\u00eate (2007)\",\"caption\":\"\",\"description\":\"\\u003Ci\\u003ETemp\\u00eate\\u003C\/i\\u003E tir\\u00e9 de \\u003Ci\\u003EMondonville Dominus Regnavit\\u003C\/i\\u003E par Orfeo. Date de sortie&nbsp;: 2007. Piste 4 sur 6.\",\"meta\":{\"artist\":\"Ensemble Baroque Orfeo\",\"album\":\"Mondonville\",\"year\":\"2007\",\"length_formatted\":\"4:42\"},\"image\":{\"src\":\"https:\/\/ensembleorfeo.fr\/wp-includes\/images\/media\/audio.svg\",\"width\":48,\"height\":64},\"thumb\":{\"src\":\"https:\/\/ensembleorfeo.fr\/wp-includes\/images\/media\/audio.svg\",\"width\":48,\"height\":64}}]}<\/script>\n<\/div>\n\t\n\n\n\n<h3 class=\"wp-block-heading\"><em><strong><img loading=\"lazy\" decoding=\"async\" class=\"size-medium wp-image-682 aligncenter\" src=\"http:\/\/ensembleorfeo.fr\/wp-content\/uploads\/2018\/03\/separateur-60px-300x27.jpg\" alt=\"\" width=\"300\" height=\"27\" srcset=\"https:\/\/ensembleorfeo.fr\/wp-content\/uploads\/2018\/03\/separateur-60px-300x27.jpg 300w, https:\/\/ensembleorfeo.fr\/wp-content\/uploads\/2018\/03\/separateur-60px.jpg 659w\" sizes=\"auto, (max-width: 300px) 100vw, 300px\" \/><\/strong><\/em><\/h3>\n\n\n\n<figure class=\"wp-block-audio\"><audio controls src=\"https:\/\/ensembleorfeo.fr\/wp-content\/uploads\/2025\/11\/Les-sauvages.mp3\"><\/audio><\/figure>\n\n\n\n<p><\/p>\n","protected":false},"excerpt":{"rendered":"<p>Antonio Vivaldi Franti\u0161ek T\u016fma G-Ph. Telemann J-S. Bach Henry Purcell Marc-Antoine &nbsp;Charpentier Jean-Joseph Cassan\u00e9a de Mondonville Georg Friedrich Haendel Jean-Joseph Cassan\u00e9a de Mondonville<\/p>\n","protected":false},"author":40,"featured_media":0,"parent":0,"menu_order":0,"comment_status":"closed","ping_status":"closed","template":"","meta":{"footnotes":""},"class_list":["post-88","page","type-page","status-publish","hentry"],"yoast_head":"<!-- This site is optimized with the Yoast SEO plugin v27.5 - https:\/\/yoast.com\/product\/yoast-seo-wordpress\/ -->\n<title>Extraits musicaux - Ensemble Baroque ORFEO<\/title>\n<meta name=\"robots\" content=\"index, follow, max-snippet:-1, max-image-preview:large, max-video-preview:-1\" \/>\n<link rel=\"canonical\" href=\"https:\/\/ensembleorfeo.fr\/index.php\/extraits-musicaux\/\" \/>\n<meta property=\"og:locale\" content=\"fr_FR\" \/>\n<meta property=\"og:type\" content=\"article\" \/>\n<meta property=\"og:title\" content=\"Extraits musicaux - Ensemble Baroque ORFEO\" \/>\n<meta property=\"og:description\" content=\"Antonio Vivaldi Franti\u0161ek T\u016fma G-Ph. Telemann J-S. Bach Henry Purcell Marc-Antoine &nbsp;Charpentier Jean-Joseph Cassan\u00e9a de Mondonville Georg Friedrich Haendel Jean-Joseph Cassan\u00e9a de Mondonville\" \/>\n<meta property=\"og:url\" content=\"https:\/\/ensembleorfeo.fr\/index.php\/extraits-musicaux\/\" \/>\n<meta property=\"og:site_name\" content=\"Ensemble Baroque ORFEO\" \/>\n<meta property=\"article:publisher\" content=\"https:\/\/www.facebook.com\/EnsembleOrfeo\/?eid=ARBaSR5WLVdmM60fRG9yuuJ0b1Yim05jQtqKqDw4YF6tKXNytAcqvv9ptI6tm6sIvwhxDEL7dlWbab1J\" \/>\n<meta property=\"article:modified_time\" content=\"2025-11-19T15:25:10+00:00\" \/>\n<meta property=\"og:image\" content=\"https:\/\/ensembleorfeo.fr\/wp-content\/uploads\/2018\/03\/separateur-60px.jpg\" \/>\n\t<meta property=\"og:image:width\" content=\"659\" \/>\n\t<meta property=\"og:image:height\" content=\"60\" \/>\n\t<meta property=\"og:image:type\" content=\"image\/jpeg\" \/>\n<meta name=\"twitter:card\" content=\"summary_large_image\" \/>\n<meta name=\"twitter:label1\" content=\"Dur\u00e9e de lecture estim\u00e9e\" \/>\n\t<meta name=\"twitter:data1\" content=\"3 minutes\" \/>\n<script type=\"application\/ld+json\" class=\"yoast-schema-graph\">{\"@context\":\"https:\\\/\\\/schema.org\",\"@graph\":[{\"@type\":\"WebPage\",\"@id\":\"https:\\\/\\\/ensembleorfeo.fr\\\/index.php\\\/extraits-musicaux\\\/\",\"url\":\"https:\\\/\\\/ensembleorfeo.fr\\\/index.php\\\/extraits-musicaux\\\/\",\"name\":\"Extraits musicaux - Ensemble Baroque ORFEO\",\"isPartOf\":{\"@id\":\"https:\\\/\\\/ensembleorfeo.fr\\\/#website\"},\"primaryImageOfPage\":{\"@id\":\"https:\\\/\\\/ensembleorfeo.fr\\\/index.php\\\/extraits-musicaux\\\/#primaryimage\"},\"image\":{\"@id\":\"https:\\\/\\\/ensembleorfeo.fr\\\/index.php\\\/extraits-musicaux\\\/#primaryimage\"},\"thumbnailUrl\":\"http:\\\/\\\/ensembleorfeo.fr\\\/wp-content\\\/uploads\\\/2018\\\/03\\\/separateur-60px-300x27.jpg\",\"datePublished\":\"2017-09-16T15:57:58+00:00\",\"dateModified\":\"2025-11-19T15:25:10+00:00\",\"breadcrumb\":{\"@id\":\"https:\\\/\\\/ensembleorfeo.fr\\\/index.php\\\/extraits-musicaux\\\/#breadcrumb\"},\"inLanguage\":\"fr-FR\",\"potentialAction\":[{\"@type\":\"ReadAction\",\"target\":[\"https:\\\/\\\/ensembleorfeo.fr\\\/index.php\\\/extraits-musicaux\\\/\"]}]},{\"@type\":\"ImageObject\",\"inLanguage\":\"fr-FR\",\"@id\":\"https:\\\/\\\/ensembleorfeo.fr\\\/index.php\\\/extraits-musicaux\\\/#primaryimage\",\"url\":\"https:\\\/\\\/ensembleorfeo.fr\\\/wp-content\\\/uploads\\\/2018\\\/03\\\/separateur-60px.jpg\",\"contentUrl\":\"https:\\\/\\\/ensembleorfeo.fr\\\/wp-content\\\/uploads\\\/2018\\\/03\\\/separateur-60px.jpg\",\"width\":659,\"height\":60},{\"@type\":\"BreadcrumbList\",\"@id\":\"https:\\\/\\\/ensembleorfeo.fr\\\/index.php\\\/extraits-musicaux\\\/#breadcrumb\",\"itemListElement\":[{\"@type\":\"ListItem\",\"position\":1,\"name\":\"Accueil\",\"item\":\"https:\\\/\\\/ensembleorfeo.fr\\\/\"},{\"@type\":\"ListItem\",\"position\":2,\"name\":\"Extraits musicaux\"}]},{\"@type\":\"WebSite\",\"@id\":\"https:\\\/\\\/ensembleorfeo.fr\\\/#website\",\"url\":\"https:\\\/\\\/ensembleorfeo.fr\\\/\",\"name\":\"Ensemble Baroque Orfeo\",\"description\":\"Direction Fran\u00e7oise Richard\",\"publisher\":{\"@id\":\"https:\\\/\\\/ensembleorfeo.fr\\\/#organization\"},\"potentialAction\":[{\"@type\":\"SearchAction\",\"target\":{\"@type\":\"EntryPoint\",\"urlTemplate\":\"https:\\\/\\\/ensembleorfeo.fr\\\/?s={search_term_string}\"},\"query-input\":{\"@type\":\"PropertyValueSpecification\",\"valueRequired\":true,\"valueName\":\"search_term_string\"}}],\"inLanguage\":\"fr-FR\"},{\"@type\":\"Organization\",\"@id\":\"https:\\\/\\\/ensembleorfeo.fr\\\/#organization\",\"name\":\"Ensemble Baroque Orfeo\",\"url\":\"https:\\\/\\\/ensembleorfeo.fr\\\/\",\"logo\":{\"@type\":\"ImageObject\",\"inLanguage\":\"fr-FR\",\"@id\":\"https:\\\/\\\/ensembleorfeo.fr\\\/#\\\/schema\\\/logo\\\/image\\\/\",\"url\":\"https:\\\/\\\/ensembleorfeo.fr\\\/wp-content\\\/uploads\\\/2018\\\/03\\\/Logo-Orfeo.jpg\",\"contentUrl\":\"https:\\\/\\\/ensembleorfeo.fr\\\/wp-content\\\/uploads\\\/2018\\\/03\\\/Logo-Orfeo.jpg\",\"width\":1671,\"height\":2156,\"caption\":\"Ensemble Baroque Orfeo\"},\"image\":{\"@id\":\"https:\\\/\\\/ensembleorfeo.fr\\\/#\\\/schema\\\/logo\\\/image\\\/\"},\"sameAs\":[\"https:\\\/\\\/www.facebook.com\\\/EnsembleOrfeo\\\/?eid=ARBaSR5WLVdmM60fRG9yuuJ0b1Yim05jQtqKqDw4YF6tKXNytAcqvv9ptI6tm6sIvwhxDEL7dlWbab1J\"]}]}<\/script>\n<!-- \/ Yoast SEO plugin. -->","yoast_head_json":{"title":"Extraits musicaux - Ensemble Baroque ORFEO","robots":{"index":"index","follow":"follow","max-snippet":"max-snippet:-1","max-image-preview":"max-image-preview:large","max-video-preview":"max-video-preview:-1"},"canonical":"https:\/\/ensembleorfeo.fr\/index.php\/extraits-musicaux\/","og_locale":"fr_FR","og_type":"article","og_title":"Extraits musicaux - Ensemble Baroque ORFEO","og_description":"Antonio Vivaldi Franti\u0161ek T\u016fma G-Ph. Telemann J-S. Bach Henry Purcell Marc-Antoine &nbsp;Charpentier Jean-Joseph Cassan\u00e9a de Mondonville Georg Friedrich Haendel Jean-Joseph Cassan\u00e9a de Mondonville","og_url":"https:\/\/ensembleorfeo.fr\/index.php\/extraits-musicaux\/","og_site_name":"Ensemble Baroque ORFEO","article_publisher":"https:\/\/www.facebook.com\/EnsembleOrfeo\/?eid=ARBaSR5WLVdmM60fRG9yuuJ0b1Yim05jQtqKqDw4YF6tKXNytAcqvv9ptI6tm6sIvwhxDEL7dlWbab1J","article_modified_time":"2025-11-19T15:25:10+00:00","og_image":[{"width":659,"height":60,"url":"https:\/\/ensembleorfeo.fr\/wp-content\/uploads\/2018\/03\/separateur-60px.jpg","type":"image\/jpeg"}],"twitter_card":"summary_large_image","twitter_misc":{"Dur\u00e9e de lecture estim\u00e9e":"3 minutes"},"schema":{"@context":"https:\/\/schema.org","@graph":[{"@type":"WebPage","@id":"https:\/\/ensembleorfeo.fr\/index.php\/extraits-musicaux\/","url":"https:\/\/ensembleorfeo.fr\/index.php\/extraits-musicaux\/","name":"Extraits musicaux - Ensemble Baroque ORFEO","isPartOf":{"@id":"https:\/\/ensembleorfeo.fr\/#website"},"primaryImageOfPage":{"@id":"https:\/\/ensembleorfeo.fr\/index.php\/extraits-musicaux\/#primaryimage"},"image":{"@id":"https:\/\/ensembleorfeo.fr\/index.php\/extraits-musicaux\/#primaryimage"},"thumbnailUrl":"http:\/\/ensembleorfeo.fr\/wp-content\/uploads\/2018\/03\/separateur-60px-300x27.jpg","datePublished":"2017-09-16T15:57:58+00:00","dateModified":"2025-11-19T15:25:10+00:00","breadcrumb":{"@id":"https:\/\/ensembleorfeo.fr\/index.php\/extraits-musicaux\/#breadcrumb"},"inLanguage":"fr-FR","potentialAction":[{"@type":"ReadAction","target":["https:\/\/ensembleorfeo.fr\/index.php\/extraits-musicaux\/"]}]},{"@type":"ImageObject","inLanguage":"fr-FR","@id":"https:\/\/ensembleorfeo.fr\/index.php\/extraits-musicaux\/#primaryimage","url":"https:\/\/ensembleorfeo.fr\/wp-content\/uploads\/2018\/03\/separateur-60px.jpg","contentUrl":"https:\/\/ensembleorfeo.fr\/wp-content\/uploads\/2018\/03\/separateur-60px.jpg","width":659,"height":60},{"@type":"BreadcrumbList","@id":"https:\/\/ensembleorfeo.fr\/index.php\/extraits-musicaux\/#breadcrumb","itemListElement":[{"@type":"ListItem","position":1,"name":"Accueil","item":"https:\/\/ensembleorfeo.fr\/"},{"@type":"ListItem","position":2,"name":"Extraits musicaux"}]},{"@type":"WebSite","@id":"https:\/\/ensembleorfeo.fr\/#website","url":"https:\/\/ensembleorfeo.fr\/","name":"Ensemble Baroque Orfeo","description":"Direction Fran\u00e7oise Richard","publisher":{"@id":"https:\/\/ensembleorfeo.fr\/#organization"},"potentialAction":[{"@type":"SearchAction","target":{"@type":"EntryPoint","urlTemplate":"https:\/\/ensembleorfeo.fr\/?s={search_term_string}"},"query-input":{"@type":"PropertyValueSpecification","valueRequired":true,"valueName":"search_term_string"}}],"inLanguage":"fr-FR"},{"@type":"Organization","@id":"https:\/\/ensembleorfeo.fr\/#organization","name":"Ensemble Baroque Orfeo","url":"https:\/\/ensembleorfeo.fr\/","logo":{"@type":"ImageObject","inLanguage":"fr-FR","@id":"https:\/\/ensembleorfeo.fr\/#\/schema\/logo\/image\/","url":"https:\/\/ensembleorfeo.fr\/wp-content\/uploads\/2018\/03\/Logo-Orfeo.jpg","contentUrl":"https:\/\/ensembleorfeo.fr\/wp-content\/uploads\/2018\/03\/Logo-Orfeo.jpg","width":1671,"height":2156,"caption":"Ensemble Baroque Orfeo"},"image":{"@id":"https:\/\/ensembleorfeo.fr\/#\/schema\/logo\/image\/"},"sameAs":["https:\/\/www.facebook.com\/EnsembleOrfeo\/?eid=ARBaSR5WLVdmM60fRG9yuuJ0b1Yim05jQtqKqDw4YF6tKXNytAcqvv9ptI6tm6sIvwhxDEL7dlWbab1J"]}]}},"_links":{"self":[{"href":"https:\/\/ensembleorfeo.fr\/index.php\/wp-json\/wp\/v2\/pages\/88","targetHints":{"allow":["GET"]}}],"collection":[{"href":"https:\/\/ensembleorfeo.fr\/index.php\/wp-json\/wp\/v2\/pages"}],"about":[{"href":"https:\/\/ensembleorfeo.fr\/index.php\/wp-json\/wp\/v2\/types\/page"}],"author":[{"embeddable":true,"href":"https:\/\/ensembleorfeo.fr\/index.php\/wp-json\/wp\/v2\/users\/40"}],"replies":[{"embeddable":true,"href":"https:\/\/ensembleorfeo.fr\/index.php\/wp-json\/wp\/v2\/comments?post=88"}],"version-history":[{"count":36,"href":"https:\/\/ensembleorfeo.fr\/index.php\/wp-json\/wp\/v2\/pages\/88\/revisions"}],"predecessor-version":[{"id":5392,"href":"https:\/\/ensembleorfeo.fr\/index.php\/wp-json\/wp\/v2\/pages\/88\/revisions\/5392"}],"wp:attachment":[{"href":"https:\/\/ensembleorfeo.fr\/index.php\/wp-json\/wp\/v2\/media?parent=88"}],"curies":[{"name":"wp","href":"https:\/\/api.w.org\/{rel}","templated":true}]}}